{"id":769,"date":"2026-03-11T22:01:26","date_gmt":"2026-03-11T20:01:26","guid":{"rendered":"https:\/\/theatre-des-loges.fr\/?page_id=769"},"modified":"2026-03-13T17:43:28","modified_gmt":"2026-03-13T15:43:28","slug":"nos-espoirs-au-moments-des-municipales","status":"publish","type":"page","link":"https:\/\/theatre-des-loges.fr\/index.php\/nos-espoirs-au-moments-des-municipales\/","title":{"rendered":"Nos espoirs au moment des municipales"},"content":{"rendered":"\n<div class=\"wp-block-columns is-layout-flex wp-container-core-columns-is-layout-28f84493 wp-block-columns-is-layout-flex\">\n<div class=\"wp-block-column is-layout-flow wp-block-column-is-layout-flow\" style=\"padding-top:var(--wp--preset--spacing--30);padding-bottom:var(--wp--preset--spacing--30)\">\n<figure class=\"wp-block-image aligncenter size-full is-resized\"><img loading=\"lazy\" decoding=\"async\" width=\"873\" height=\"1242\" src=\"https:\/\/theatre-des-loges.fr\/wp-content\/uploads\/2026\/03\/Tract-Recto-A5-Mars-26.docx_page-0001.jpg\" alt=\"\" class=\"wp-image-770\" style=\"aspect-ratio:0.7029051256248248;width:616px;height:auto\" srcset=\"https:\/\/theatre-des-loges.fr\/wp-content\/uploads\/2026\/03\/Tract-Recto-A5-Mars-26.docx_page-0001.jpg 873w, https:\/\/theatre-des-loges.fr\/wp-content\/uploads\/2026\/03\/Tract-Recto-A5-Mars-26.docx_page-0001-211x300.jpg 211w, https:\/\/theatre-des-loges.fr\/wp-content\/uploads\/2026\/03\/Tract-Recto-A5-Mars-26.docx_page-0001-720x1024.jpg 720w, https:\/\/theatre-des-loges.fr\/wp-content\/uploads\/2026\/03\/Tract-Recto-A5-Mars-26.docx_page-0001-768x1093.jpg 768w\" sizes=\"auto, (max-width: 873px) 100vw, 873px\" \/><\/figure>\n<\/div>\n<\/div>\n\n\n\n<div class=\"wp-block-columns is-layout-flex wp-container-core-columns-is-layout-28f84493 wp-block-columns-is-layout-flex\">\n<div class=\"wp-block-column is-layout-flow wp-block-column-is-layout-flow\" style=\"padding-right:var(--wp--preset--spacing--10);padding-left:var(--wp--preset--spacing--10)\">\n<div class=\"wp-block-group has-border-color has-base-border-color has-global-padding is-layout-constrained wp-container-core-group-is-layout-7bcabc6a wp-block-group-is-layout-constrained\" style=\"border-width:2px;margin-top:0;margin-bottom:0;padding-right:0;padding-left:0\">\n<p class=\"has-text-align-center has-border-color has-base-border-color\" style=\"border-width:2px\"><strong>Dates, faits et d\u00e9mentis<\/strong><\/p>\n\n\n\n<p><\/p>\n\n\n\n<p class=\"has-border-color has-base-border-color\" style=\"border-width:2px\"><strong>2016<\/strong>\u00a0: premi\u00e8res \u00e9tudes du projet de r\u00e9novation urbaine (PRU).<\/p>\n\n\n\n<p class=\"has-border-color has-base-border-color\" style=\"border-width:2px\"><br><strong>29 janvier 2024<\/strong>\u00a0: r\u00e9union d\u2019information o\u00f9 les plans d\u00e9taill\u00e9s du PRU ont \u00e9t\u00e9 rendus<br>publics <strong>Entre 2016 et 2024<\/strong>, nous n\u2019avons \u00e9t\u00e9 invit\u00e9s \u00e0 aucune concertation. Mme Charline Nicolas (adjointe \u00e0 la culture) d\u00e9clare dans la presse qu\u2019il y aurait eu \u00ab\u00a0\u00e9norm\u00e9ment de dialogue\u00a0\u00bb\u00a0; Mme Nathalie Berlu (ancienne adjointe \u00e0 la culture) se dit pr\u00eate \u00e0 fournir les jours, les heures et les lieux des r\u00e9unions o\u00f9 nous aurions discut\u00e9 de l\u2019avenir du lavoir. <strong>Faux\u00a0: nous n\u2019avons eu aucun \u00e9change avec les responsables du projet pendant cette p\u00e9riode et nous mettons quiconque au d\u00e9fi de prouver le contraire.<\/strong><\/p>\n\n\n\n<p class=\"has-border-color has-base-border-color\" style=\"border-width:2px\"><br><strong>Mars 2024<\/strong>\u00a0: M. Bertrand Kern, maire de Pantin, vient visiter le th\u00e9\u00e2tre (pour la 2 \u00e8me fois, en 25 ans). Il nous dit \u00eatre \u00ab\u00a0d\u00e9\u00e7u par le lieu, le trouver sympa mais sans int\u00e9r\u00eat\u00a0\u00bb.<br>\u00c0 la suite de ce rendez-vous, de nouveaux scenarii ont \u00e9t\u00e9 envisag\u00e9s, sans nous<br>consulter. La destruction du lavoir a \u00e9t\u00e9 act\u00e9e.<\/p>\n\n\n\n<p class=\"has-border-color has-base-border-color\" style=\"border-width:2px\"><br><strong>Mai 2024\u00a0: 1 \u00e8re premi\u00e8re visite au th\u00e9\u00e2tre de Mme Nicolas<\/strong>\u00a0: une seule proposition a \u00e9t\u00e9 mise sur la table\u00a0: notre d\u00e9localisation. Nous l\u2019avons d\u00e9clin\u00e9e. La Troupe du Th\u00e9\u00e2tre des Loges, en effet, lutte pour la pr\u00e9servation du dernier lavoir de Pantin qu\u2019elle a su, sans aides publiques, gr\u00e2ce \u00e0 27 cr\u00e9ations et \u00e0 la fid\u00e9lit\u00e9 du public \u00ab\u00a0arranger\u00a0\u00bb en un chaleureux th\u00e9\u00e2tre. Serait-ce ill\u00e9gitime\u00a0de vouloir garder un tel outil de travail\u00a0? <\/p>\n\n\n\n<p class=\"has-border-color has-base-border-color\" style=\"border-width:2px\"><strong>Le 3 f\u00e9vrier 2026\u00a0<\/strong>: Lors du rendez-vous que nous lui avions demand\u00e9, Monsieur le Maire nous a propos\u00e9 de nous d\u00e9placer \u00e0 proximit\u00e9 imm\u00e9diate, en reprenant quelques \u00e9l\u00e9ments d\u2019origine du lavoir\u2026 La cuve en fonte\u00a0? La verri\u00e8re, la charpente, les tomettes\u00a0? D\u2019autre part, dans un courrier r\u00e9cent, Monsieur le Maire \u00e9voque une r\u00e9union du mois de janvier 2024 o\u00f9 nous aurions \u00e9t\u00e9 pr\u00e9sents aux c\u00f4t\u00e9s du Ventre de la Baleine et de l\u2019Imprimerie Thouvenin afin \u00ab\u00a0d\u2019affiner le projet de l\u2019urbanisation du quartier\u00a0\u00bb\u00a0: <strong>Faux\u00a0: nous n\u2019avons pas m\u00eame \u00e9t\u00e9 inform\u00e9s de cette r\u00e9union.<\/strong><\/p>\n\n\n\n<p class=\"has-border-color has-base-border-color\" style=\"border-width:2px\"><br>Monsieur le Maire insiste en \u00e9voquant la proposition qu\u2019il nous aurait faite en octobre 2024 de \u00ab\u00a0cr\u00e9er un nouveau lieu pour notre th\u00e9\u00e2tre sur la parcelle des Sept-Arpents et de co-construire avec la ville un projet culturel\u00a0\u00bb. <strong>Faux\u00a0: l\u00e0 encore, nous n\u2019avons pas re\u00e7u cette proposition.<\/strong> Enfin, M. Kern pr\u00e9tend que le chef de troupe aurait depuis toujours refus\u00e9 toutes propositions de dialogue, toute concertation. <strong>Faux\u00a0: comment aurait-il pu refuser ce qu\u2019il n\u2019a jamais re\u00e7u\u00a0?<\/strong><br>Pourquoi tant de fausses d\u00e9clarations\u00a0? Nous regrettons d\u2019avoir \u00e0 les d\u00e9mentir.<\/p>\n<\/div>\n\n\n\n<p style=\"margin-top:var(--wp--preset--spacing--10);margin-bottom:var(--wp--preset--spacing--10)\">Pour nous soutenir, notre p\u00e9tition est toujours en ligne\u00a0: <a href=\"https:\/\/c.org\/XvmjJgkD78\">https:\/\/c.org\/XvmjJgkD78<\/a><\/p>\n\n\n\n<div class=\"wp-block-group has-border-color has-base-border-color has-global-padding is-layout-constrained wp-block-group-is-layout-constrained\" style=\"border-width:1px\">\n<p style=\"border-style:none;border-width:0px\"><em>Dans le prolongement de la rue Hoche, c\u00f4te \u00e0 c\u00f4te dans le m\u00eame \u00eelot, le Th\u00e9\u00e2tre des Loges, lieu de spectacle vivant et le Ventre de la Baleine, lieu de musique et d\u2019ateliers d\u2019artistes, forment un atout pour la ville, pour sa vitalit\u00e9 culturelle. <strong>Pourquoi les d\u00e9truire\u00a0?<\/strong><\/em><\/p>\n<\/div>\n<\/div>\n<\/div>\n","protected":false},"excerpt":{"rendered":"<p>Dates, faits et d\u00e9mentis 2016\u00a0: premi\u00e8res \u00e9tudes du projet de r\u00e9novation urbaine (PRU). 29 janvier 2024\u00a0: r\u00e9union d\u2019information o\u00f9 les plans d\u00e9taill\u00e9s du PRU ont \u00e9t\u00e9 renduspublics Entre 2016 et 2024, nous n\u2019avons \u00e9t\u00e9 invit\u00e9s \u00e0 aucune concertation. Mme Charline Nicolas (adjointe \u00e0 la culture) d\u00e9clare dans la presse qu\u2019il y aurait eu \u00ab\u00a0\u00e9norm\u00e9ment de [&hellip;]<\/p>\n","protected":false},"author":1,"featured_media":0,"parent":0,"menu_order":0,"comment_status":"closed","ping_status":"closed","template":"","meta":{"footnotes":""},"class_list":["post-769","page","type-page","status-publish","hentry"],"_links":{"self":[{"href":"https:\/\/theatre-des-loges.fr\/index.php\/wp-json\/wp\/v2\/pages\/769","targetHints":{"allow":["GET"]}}],"collection":[{"href":"https:\/\/theatre-des-loges.fr\/index.php\/wp-json\/wp\/v2\/pages"}],"about":[{"href":"https:\/\/theatre-des-loges.fr\/index.php\/wp-json\/wp\/v2\/types\/page"}],"author":[{"embeddable":true,"href":"https:\/\/theatre-des-loges.fr\/index.php\/wp-json\/wp\/v2\/users\/1"}],"replies":[{"embeddable":true,"href":"https:\/\/theatre-des-loges.fr\/index.php\/wp-json\/wp\/v2\/comments?post=769"}],"version-history":[{"count":2,"href":"https:\/\/theatre-des-loges.fr\/index.php\/wp-json\/wp\/v2\/pages\/769\/revisions"}],"predecessor-version":[{"id":774,"href":"https:\/\/theatre-des-loges.fr\/index.php\/wp-json\/wp\/v2\/pages\/769\/revisions\/774"}],"wp:attachment":[{"href":"https:\/\/theatre-des-loges.fr\/index.php\/wp-json\/wp\/v2\/media?parent=769"}],"curies":[{"name":"wp","href":"https:\/\/api.w.org\/{rel}","templated":true}]}}