{"id":425,"date":"2025-12-23T16:52:08","date_gmt":"2025-12-23T14:52:08","guid":{"rendered":"https:\/\/theatre-des-loges.fr\/?page_id=425"},"modified":"2026-01-08T14:31:01","modified_gmt":"2026-01-08T12:31:01","slug":"tous-nos-spectacles","status":"publish","type":"page","link":"https:\/\/theatre-des-loges.fr\/index.php\/tous-nos-spectacles\/","title":{"rendered":"Tous nos spectacles"},"content":{"rendered":"\n<div class=\"wp-block-columns is-layout-flex wp-container-core-columns-is-layout-28f84493 wp-block-columns-is-layout-flex\" id=\"sommaire\">\n<div class=\"wp-block-column is-layout-flow wp-block-column-is-layout-flow\">\n<h4 class=\"wp-block-heading\" style=\"border-style:none;border-width:0px;margin-right:var(--wp--preset--spacing--10);margin-left:var(--wp--preset--spacing--10)\">Nos cr\u00e9ations d&rsquo;hier \u00e0 aujourd&rsquo;hui, une ou plusieurs images&#8230;<\/h4>\n\n\n\n<ul style=\"padding-right:var(--wp--preset--spacing--10);padding-left:var(--wp--preset--spacing--10)\" class=\"wp-block-list sommaire-3-colonnes is-style-default\">\n<li><a href=\"#rideau-dechire\">Le rideau d\u00e9chir\u00e9 (1989)<\/a><\/li>\n\n\n\n<li><a href=\"#acteurs-de-bonne-foi\">Les acteurs de bonne foi (1990)<\/a><\/li>\n\n\n\n<li><a href=\"#don-juan\">Don Juan (1991\/1992)<\/a><\/li>\n\n\n\n<li><a href=\"#le-sauvage\">Le sauvage (1993)<\/a><\/li>\n\n\n\n<li><a href=\"#caligula\">Caligula (1994)<\/a><\/li>\n\n\n\n<li><a href=\"http:\/\/le-misanthrope-1995\">Le Misanthrope (1995\/1996)<\/a><\/li>\n\n\n\n<li><a href=\"#hamlet\">Hamlet (1997)<\/a><\/li>\n\n\n\n<li><a href=\"#le-cri-d-un-acteur-a-un-sourd\">Le cri d&rsquo;un acteur \u00e0 un sourd (1998)<\/a><\/li>\n\n\n\n<li><a href=\"#yerma\">Yerma (1998\/1999)<\/a><\/li>\n\n\n\n<li><a href=\"#le-malade-imaginaire\">Le Malade Imaginaire (1999\/2000)<\/a><\/li>\n\n\n\n<li><a href=\"#la-savetiere-prodigieuse\">La saveti\u00e8re prodigieuse (2001\/2003)<\/a><\/li>\n\n\n\n<li><a href=\"#andromaque\">Andromaque (2003)<\/a><\/li>\n\n\n\n<li><a href=\"#une-promenade-au-portugal\">Une promenade au Portugal (2003)<\/a><\/li>\n\n\n\n<li><a href=\"#les-fourberies-de-scapin\">Les fourberies de Scapin (2003\/2004)<\/a><\/li>\n\n\n\n<li><a href=\"#serviteur\">Serviteur (2005\/2006)<\/a><\/li>\n\n\n\n<li><a href=\"#tailleur-pour-dames\">Tailleur pour Dames (2007)<\/a><\/li>\n\n\n\n<li><a href=\"#le-misanthrope-2007\">Le Misanthrope (2007)<\/a><\/li>\n\n\n\n<li><a href=\"#un-prophete-de-rien\">Un proph\u00e8te de rien (2008\/2009)<\/a><\/li>\n\n\n\n<li><a href=\"#volpone\">Volpone (2008-2009)<\/a><\/li>\n\n\n\n<li><a href=\"#camarade-renzo\">Camarde Renzo (2011)<\/a><\/li>\n\n\n\n<li><a href=\"#l-avare\">L&rsquo;Avare (2012\/2013)<\/a><\/li>\n\n\n\n<li><a href=\"#le-revizor\">Le Revizor (2014-2015)<\/a><\/li>\n\n\n\n<li><a href=\"#les-precieuses-ridicules\">Les Pr\u00e9cieuses ridicules (2016-2017)<\/a><\/li>\n\n\n\n<li><a href=\"#la-tempete\">La Temp\u00eate (2018\/2019)<\/a><\/li>\n\n\n\n<li><a href=\"#turcaret\">Turcaret (2020\/2021)<\/a><\/li>\n\n\n\n<li><a href=\"#la-mouette\">La Mouette (2022\/2023)<\/a><\/li>\n\n\n\n<li><a href=\"#la-farce-de-maistre-pierre-pathelin\">La farce de Maistre Pierre Pathelin (2024\/2025)<\/a><\/li>\n<\/ul>\n<\/div>\n<\/div>\n\n\n\n<div class=\"wp-block-columns is-layout-flex wp-container-core-columns-is-layout-28f84493 wp-block-columns-is-layout-flex\" id=\"rideau-dechire\">\n<div class=\"wp-block-column is-layout-flow wp-block-column-is-layout-flow\" style=\"padding-top:0;padding-right:0;padding-bottom:0;padding-left:0;flex-basis:100%\">\n<figure class=\"wp-block-gallery has-nested-images columns-2 is-cropped wp-block-gallery-1 is-layout-flex wp-block-gallery-is-layout-flex\" style=\"border-style:none;border-width:0px\">\n<figure class=\"wp-block-image size-full has-custom-border\"><img loading=\"lazy\" decoding=\"async\" width=\"820\" height=\"593\" data-id=\"541\" src=\"https:\/\/theatre-des-loges.fr\/wp-content\/uploads\/2025\/12\/image1.jpg\" alt=\"\" class=\"wp-image-541\" style=\"border-top-left-radius:0px;border-top-right-radius:0px;border-bottom-left-radius:0px;border-bottom-right-radius:0px\" srcset=\"https:\/\/theatre-des-loges.fr\/wp-content\/uploads\/2025\/12\/image1.jpg 820w, https:\/\/theatre-des-loges.fr\/wp-content\/uploads\/2025\/12\/image1-300x217.jpg 300w, https:\/\/theatre-des-loges.fr\/wp-content\/uploads\/2025\/12\/image1-768x555.jpg 768w\" sizes=\"auto, (max-width: 820px) 100vw, 820px\" \/><\/figure>\n\n\n\n<figure class=\"wp-block-image size-full\"><img loading=\"lazy\" decoding=\"async\" width=\"799\" height=\"596\" data-id=\"540\" src=\"https:\/\/theatre-des-loges.fr\/wp-content\/uploads\/2025\/12\/image2.jpg\" alt=\"\" class=\"wp-image-540\" srcset=\"https:\/\/theatre-des-loges.fr\/wp-content\/uploads\/2025\/12\/image2.jpg 799w, https:\/\/theatre-des-loges.fr\/wp-content\/uploads\/2025\/12\/image2-300x224.jpg 300w, https:\/\/theatre-des-loges.fr\/wp-content\/uploads\/2025\/12\/image2-768x573.jpg 768w\" sizes=\"auto, (max-width: 799px) 100vw, 799px\" \/><\/figure>\n\n\n\n<figure class=\"wp-block-image size-full\"><img loading=\"lazy\" decoding=\"async\" width=\"1237\" height=\"881\" data-id=\"543\" src=\"https:\/\/theatre-des-loges.fr\/wp-content\/uploads\/2025\/12\/image3-edited.jpg\" alt=\"\" class=\"wp-image-543\" srcset=\"https:\/\/theatre-des-loges.fr\/wp-content\/uploads\/2025\/12\/image3-edited.jpg 1237w, https:\/\/theatre-des-loges.fr\/wp-content\/uploads\/2025\/12\/image3-edited-300x214.jpg 300w, https:\/\/theatre-des-loges.fr\/wp-content\/uploads\/2025\/12\/image3-edited-1024x729.jpg 1024w, https:\/\/theatre-des-loges.fr\/wp-content\/uploads\/2025\/12\/image3-edited-768x547.jpg 768w\" sizes=\"auto, (max-width: 1237px) 100vw, 1237px\" \/><\/figure>\n<figcaption class=\"blocks-gallery-caption wp-element-caption\"><strong>Spectacle I<br><em>Le Rideau d\u00e9chir\u00e9<\/em> d\u2019apr\u00e8s Arthur Schnitzler, notre premier spectacle (1989)<br>Cr\u00e9ation au Th\u00e9\u00e2tre du Chaudron (Cartoucherie de Vincennes)<\/strong><\/figcaption><\/figure>\n<\/div>\n<\/div>\n\n\n\n<div style=\"height:60px\" aria-hidden=\"true\" class=\"wp-block-spacer\"><\/div>\n\n\n\n<div class=\"wp-block-columns is-layout-flex wp-container-core-columns-is-layout-28f84493 wp-block-columns-is-layout-flex\" id=\"acteurs-de-bonne-foi\">\n<div class=\"wp-block-column is-layout-flow wp-block-column-is-layout-flow\" style=\"padding-top:0;padding-right:0;padding-bottom:0;padding-left:0;flex-basis:100%\">\n<figure class=\"wp-block-gallery has-nested-images columns-1 is-cropped wp-block-gallery-2 is-layout-flex wp-block-gallery-is-layout-flex\">\n<figure class=\"wp-block-image size-full\"><img loading=\"lazy\" decoding=\"async\" width=\"999\" height=\"669\" data-id=\"544\" src=\"https:\/\/theatre-des-loges.fr\/wp-content\/uploads\/2025\/12\/image4.jpg\" alt=\"\" class=\"wp-image-544\" srcset=\"https:\/\/theatre-des-loges.fr\/wp-content\/uploads\/2025\/12\/image4.jpg 999w, https:\/\/theatre-des-loges.fr\/wp-content\/uploads\/2025\/12\/image4-300x201.jpg 300w, https:\/\/theatre-des-loges.fr\/wp-content\/uploads\/2025\/12\/image4-768x514.jpg 768w\" sizes=\"auto, (max-width: 999px) 100vw, 999px\" \/><\/figure>\n\n\n\n<figure class=\"wp-block-image size-full\"><img loading=\"lazy\" decoding=\"async\" width=\"495\" height=\"676\" data-id=\"545\" src=\"https:\/\/theatre-des-loges.fr\/wp-content\/uploads\/2025\/12\/image5.jpg\" alt=\"\" class=\"wp-image-545\" srcset=\"https:\/\/theatre-des-loges.fr\/wp-content\/uploads\/2025\/12\/image5.jpg 495w, https:\/\/theatre-des-loges.fr\/wp-content\/uploads\/2025\/12\/image5-220x300.jpg 220w\" sizes=\"auto, (max-width: 495px) 100vw, 495px\" \/><\/figure>\n<figcaption class=\"blocks-gallery-caption wp-element-caption\"><strong>Spectacle II<br><em>Les acteurs de bonne foi<\/em> de Marivaux.<br>Cr\u00e9ation au Th\u00e9\u00e2tre des Deux Portes, Paris 20\u00e8me (1990)<\/strong><\/figcaption><\/figure>\n<\/div>\n<\/div>\n\n\n\n<div style=\"height:60px\" aria-hidden=\"true\" class=\"wp-block-spacer\"><\/div>\n\n\n\n<div class=\"wp-block-columns is-layout-flex wp-container-core-columns-is-layout-28f84493 wp-block-columns-is-layout-flex\" id=\"don-juan\">\n<div class=\"wp-block-column is-layout-flow wp-block-column-is-layout-flow\" style=\"padding-top:0;padding-right:0;padding-bottom:0;padding-left:0;flex-basis:100%\">\n<figure class=\"wp-block-gallery has-nested-images columns-2 is-cropped wp-block-gallery-3 is-layout-flex wp-block-gallery-is-layout-flex\">\n<figure class=\"wp-block-image size-full\"><img loading=\"lazy\" decoding=\"async\" width=\"760\" height=\"1033\" data-id=\"546\" src=\"https:\/\/theatre-des-loges.fr\/wp-content\/uploads\/2025\/12\/image6.jpg\" alt=\"\" class=\"wp-image-546\" srcset=\"https:\/\/theatre-des-loges.fr\/wp-content\/uploads\/2025\/12\/image6.jpg 760w, https:\/\/theatre-des-loges.fr\/wp-content\/uploads\/2025\/12\/image6-221x300.jpg 221w, https:\/\/theatre-des-loges.fr\/wp-content\/uploads\/2025\/12\/image6-753x1024.jpg 753w\" sizes=\"auto, (max-width: 760px) 100vw, 760px\" \/><\/figure>\n\n\n\n<figure class=\"wp-block-image size-full\"><img loading=\"lazy\" decoding=\"async\" width=\"691\" height=\"1040\" data-id=\"547\" src=\"https:\/\/theatre-des-loges.fr\/wp-content\/uploads\/2025\/12\/image7.jpg\" alt=\"\" class=\"wp-image-547\" srcset=\"https:\/\/theatre-des-loges.fr\/wp-content\/uploads\/2025\/12\/image7.jpg 691w, https:\/\/theatre-des-loges.fr\/wp-content\/uploads\/2025\/12\/image7-199x300.jpg 199w, https:\/\/theatre-des-loges.fr\/wp-content\/uploads\/2025\/12\/image7-680x1024.jpg 680w\" sizes=\"auto, (max-width: 691px) 100vw, 691px\" \/><\/figure>\n\n\n\n<figure class=\"wp-block-image size-full\"><img loading=\"lazy\" decoding=\"async\" width=\"1525\" height=\"1003\" data-id=\"548\" src=\"https:\/\/theatre-des-loges.fr\/wp-content\/uploads\/2025\/12\/image8.jpg\" alt=\"\" class=\"wp-image-548\" srcset=\"https:\/\/theatre-des-loges.fr\/wp-content\/uploads\/2025\/12\/image8.jpg 1525w, https:\/\/theatre-des-loges.fr\/wp-content\/uploads\/2025\/12\/image8-300x197.jpg 300w, https:\/\/theatre-des-loges.fr\/wp-content\/uploads\/2025\/12\/image8-1024x673.jpg 1024w, https:\/\/theatre-des-loges.fr\/wp-content\/uploads\/2025\/12\/image8-768x505.jpg 768w\" sizes=\"auto, (max-width: 1525px) 100vw, 1525px\" \/><\/figure>\n<figcaption class=\"blocks-gallery-caption wp-element-caption\"><strong>Spectacle III<br><em>Don Juan<\/em> ou <em>l\u2019Homme de cendres<\/em> d\u2019Andr\u00e9 Obey.<br>Cr\u00e9ation au Lavoir Moderne Parisien, Paris 18\u00e8me (1991\/1992)<\/strong><\/figcaption><\/figure>\n<\/div>\n<\/div>\n\n\n\n<div style=\"height:60px\" aria-hidden=\"true\" class=\"wp-block-spacer\"><\/div>\n\n\n\n<div class=\"wp-block-columns is-layout-flex wp-container-core-columns-is-layout-28f84493 wp-block-columns-is-layout-flex\" id=\"le-sauvage\">\n<div class=\"wp-block-column is-layout-flow wp-block-column-is-layout-flow\" style=\"padding-top:0;padding-right:0;padding-bottom:0;padding-left:0;flex-basis:100%\">\n<figure class=\"wp-block-gallery has-nested-images columns-2 is-cropped wp-block-gallery-4 is-layout-flex wp-block-gallery-is-layout-flex\">\n<figure class=\"wp-block-image size-full\"><img loading=\"lazy\" decoding=\"async\" width=\"1118\" height=\"702\" data-id=\"549\" src=\"https:\/\/theatre-des-loges.fr\/wp-content\/uploads\/2025\/12\/image9.jpg\" alt=\"\" class=\"wp-image-549\" srcset=\"https:\/\/theatre-des-loges.fr\/wp-content\/uploads\/2025\/12\/image9.jpg 1118w, https:\/\/theatre-des-loges.fr\/wp-content\/uploads\/2025\/12\/image9-300x188.jpg 300w, https:\/\/theatre-des-loges.fr\/wp-content\/uploads\/2025\/12\/image9-1024x643.jpg 1024w, https:\/\/theatre-des-loges.fr\/wp-content\/uploads\/2025\/12\/image9-768x482.jpg 768w\" sizes=\"auto, (max-width: 1118px) 100vw, 1118px\" \/><\/figure>\n\n\n\n<figure class=\"wp-block-image size-full\"><img loading=\"lazy\" decoding=\"async\" width=\"508\" height=\"699\" data-id=\"550\" src=\"https:\/\/theatre-des-loges.fr\/wp-content\/uploads\/2025\/12\/image10.jpg\" alt=\"\" class=\"wp-image-550\" srcset=\"https:\/\/theatre-des-loges.fr\/wp-content\/uploads\/2025\/12\/image10.jpg 508w, https:\/\/theatre-des-loges.fr\/wp-content\/uploads\/2025\/12\/image10-218x300.jpg 218w\" sizes=\"auto, (max-width: 508px) 100vw, 508px\" \/><\/figure>\n<figcaption class=\"blocks-gallery-caption wp-element-caption\"><strong>Spectacle IV<br><em>Le sauvage<\/em> d\u2019Anton Tchekhov.<br>Cr\u00e9ation au Th\u00e9\u00e2tre Paris 14\u00e8me (1993)<\/strong><\/figcaption><\/figure>\n<\/div>\n<\/div>\n\n\n\n<div style=\"height:60px\" aria-hidden=\"true\" class=\"wp-block-spacer\"><\/div>\n\n\n\n<div class=\"wp-block-columns is-layout-flex wp-container-core-columns-is-layout-28f84493 wp-block-columns-is-layout-flex\" id=\"caligula\">\n<div class=\"wp-block-column is-layout-flow wp-block-column-is-layout-flow\" style=\"padding-top:0;padding-right:0;padding-bottom:0;padding-left:0;flex-basis:100%\">\n<figure class=\"wp-block-gallery has-nested-images columns-2 is-cropped wp-block-gallery-5 is-layout-flex wp-block-gallery-is-layout-flex\">\n<figure class=\"wp-block-image size-full\"><img loading=\"lazy\" decoding=\"async\" width=\"1697\" height=\"1193\" data-id=\"553\" src=\"https:\/\/theatre-des-loges.fr\/wp-content\/uploads\/2025\/12\/image11.jpg\" alt=\"\" class=\"wp-image-553\" srcset=\"https:\/\/theatre-des-loges.fr\/wp-content\/uploads\/2025\/12\/image11.jpg 1697w, https:\/\/theatre-des-loges.fr\/wp-content\/uploads\/2025\/12\/image11-300x211.jpg 300w, https:\/\/theatre-des-loges.fr\/wp-content\/uploads\/2025\/12\/image11-1024x720.jpg 1024w, https:\/\/theatre-des-loges.fr\/wp-content\/uploads\/2025\/12\/image11-768x540.jpg 768w, https:\/\/theatre-des-loges.fr\/wp-content\/uploads\/2025\/12\/image11-1536x1080.jpg 1536w\" sizes=\"auto, (max-width: 1697px) 100vw, 1697px\" \/><\/figure>\n\n\n\n<figure class=\"wp-block-image size-full\"><img loading=\"lazy\" decoding=\"async\" width=\"578\" height=\"827\" data-id=\"551\" src=\"https:\/\/theatre-des-loges.fr\/wp-content\/uploads\/2025\/12\/image12.jpg\" alt=\"\" class=\"wp-image-551\" srcset=\"https:\/\/theatre-des-loges.fr\/wp-content\/uploads\/2025\/12\/image12.jpg 578w, https:\/\/theatre-des-loges.fr\/wp-content\/uploads\/2025\/12\/image12-210x300.jpg 210w\" sizes=\"auto, (max-width: 578px) 100vw, 578px\" \/><\/figure>\n\n\n\n<figure class=\"wp-block-image size-full\"><img loading=\"lazy\" decoding=\"async\" width=\"1101\" height=\"782\" data-id=\"552\" src=\"https:\/\/theatre-des-loges.fr\/wp-content\/uploads\/2025\/12\/image13.jpg\" alt=\"\" class=\"wp-image-552\" srcset=\"https:\/\/theatre-des-loges.fr\/wp-content\/uploads\/2025\/12\/image13.jpg 1101w, https:\/\/theatre-des-loges.fr\/wp-content\/uploads\/2025\/12\/image13-300x213.jpg 300w, https:\/\/theatre-des-loges.fr\/wp-content\/uploads\/2025\/12\/image13-1024x727.jpg 1024w, https:\/\/theatre-des-loges.fr\/wp-content\/uploads\/2025\/12\/image13-768x545.jpg 768w\" sizes=\"auto, (max-width: 1101px) 100vw, 1101px\" \/><\/figure>\n<figcaption class=\"blocks-gallery-caption wp-element-caption\"><strong>Spectacle V<br><em>Caligula <\/em>d\u2019Albert Camus.<br>Cr\u00e9ation au Th\u00e9\u00e2tre des Songes, Paris 20\u00e8me (1994)<\/strong><\/figcaption><\/figure>\n<\/div>\n<\/div>\n\n\n\n<div style=\"height:60px\" aria-hidden=\"true\" class=\"wp-block-spacer\"><\/div>\n\n\n\n<div class=\"wp-block-columns is-layout-flex wp-container-core-columns-is-layout-28f84493 wp-block-columns-is-layout-flex\" id=\"le-misanthrope-1995\">\n<div class=\"wp-block-column is-layout-flow wp-block-column-is-layout-flow\" style=\"padding-top:0;padding-right:0;padding-bottom:0;padding-left:0;flex-basis:100%\">\n<figure class=\"wp-block-gallery has-nested-images columns-2 is-cropped wp-block-gallery-6 is-layout-flex wp-block-gallery-is-layout-flex\">\n<figure class=\"wp-block-image size-full\"><img loading=\"lazy\" decoding=\"async\" width=\"776\" height=\"970\" data-id=\"554\" src=\"https:\/\/theatre-des-loges.fr\/wp-content\/uploads\/2025\/12\/image14.jpg\" alt=\"\" class=\"wp-image-554\" srcset=\"https:\/\/theatre-des-loges.fr\/wp-content\/uploads\/2025\/12\/image14.jpg 776w, https:\/\/theatre-des-loges.fr\/wp-content\/uploads\/2025\/12\/image14-240x300.jpg 240w, https:\/\/theatre-des-loges.fr\/wp-content\/uploads\/2025\/12\/image14-768x960.jpg 768w\" sizes=\"auto, (max-width: 776px) 100vw, 776px\" \/><\/figure>\n\n\n\n<figure class=\"wp-block-image size-full\"><img loading=\"lazy\" decoding=\"async\" width=\"694\" height=\"1031\" data-id=\"555\" src=\"https:\/\/theatre-des-loges.fr\/wp-content\/uploads\/2025\/12\/image15.jpg\" alt=\"\" class=\"wp-image-555\" srcset=\"https:\/\/theatre-des-loges.fr\/wp-content\/uploads\/2025\/12\/image15.jpg 694w, https:\/\/theatre-des-loges.fr\/wp-content\/uploads\/2025\/12\/image15-202x300.jpg 202w, https:\/\/theatre-des-loges.fr\/wp-content\/uploads\/2025\/12\/image15-689x1024.jpg 689w\" sizes=\"auto, (max-width: 694px) 100vw, 694px\" \/><\/figure>\n\n\n\n<figure class=\"wp-block-image size-full\"><img loading=\"lazy\" decoding=\"async\" width=\"1540\" height=\"1014\" data-id=\"556\" src=\"https:\/\/theatre-des-loges.fr\/wp-content\/uploads\/2025\/12\/image16.jpg\" alt=\"\" class=\"wp-image-556\" srcset=\"https:\/\/theatre-des-loges.fr\/wp-content\/uploads\/2025\/12\/image16.jpg 1540w, https:\/\/theatre-des-loges.fr\/wp-content\/uploads\/2025\/12\/image16-300x198.jpg 300w, https:\/\/theatre-des-loges.fr\/wp-content\/uploads\/2025\/12\/image16-1024x674.jpg 1024w, https:\/\/theatre-des-loges.fr\/wp-content\/uploads\/2025\/12\/image16-768x506.jpg 768w, https:\/\/theatre-des-loges.fr\/wp-content\/uploads\/2025\/12\/image16-1536x1011.jpg 1536w\" sizes=\"auto, (max-width: 1540px) 100vw, 1540px\" \/><\/figure>\n<figcaption class=\"blocks-gallery-caption wp-element-caption\"><strong>Spectacle VI<br><em>Le Misanthrope<\/em> de Moli\u00e8re. <br>Cr\u00e9ation au Vingti\u00e8me Th\u00e9\u00e2tre, Paris 20\u00e8me (1995\/1996)<\/strong><\/figcaption><\/figure>\n<\/div>\n<\/div>\n\n\n\n<div style=\"height:60px\" aria-hidden=\"true\" class=\"wp-block-spacer\"><\/div>\n\n\n\n<div class=\"wp-block-columns is-layout-flex wp-container-core-columns-is-layout-28f84493 wp-block-columns-is-layout-flex\" id=\"hamlet\">\n<div class=\"wp-block-column is-layout-flow wp-block-column-is-layout-flow\" style=\"padding-top:0;padding-right:0;padding-bottom:0;padding-left:0;flex-basis:100%\">\n<figure class=\"wp-block-gallery has-nested-images columns-2 is-cropped wp-block-gallery-7 is-layout-flex wp-block-gallery-is-layout-flex\">\n<figure class=\"wp-block-image size-full\"><a href=\"https:\/\/theatre-des-loges.fr\/wp-content\/uploads\/2025\/12\/image17.jpg\"><img loading=\"lazy\" decoding=\"async\" width=\"1049\" height=\"728\" data-id=\"557\" src=\"https:\/\/theatre-des-loges.fr\/wp-content\/uploads\/2025\/12\/image17.jpg\" alt=\"\" class=\"wp-image-557\" srcset=\"https:\/\/theatre-des-loges.fr\/wp-content\/uploads\/2025\/12\/image17.jpg 1049w, https:\/\/theatre-des-loges.fr\/wp-content\/uploads\/2025\/12\/image17-300x208.jpg 300w, https:\/\/theatre-des-loges.fr\/wp-content\/uploads\/2025\/12\/image17-1024x711.jpg 1024w, https:\/\/theatre-des-loges.fr\/wp-content\/uploads\/2025\/12\/image17-768x533.jpg 768w\" sizes=\"auto, (max-width: 1049px) 100vw, 1049px\" \/><\/a><\/figure>\n\n\n\n<figure class=\"wp-block-image size-full\"><img loading=\"lazy\" decoding=\"async\" width=\"1047\" height=\"1585\" data-id=\"560\" src=\"https:\/\/theatre-des-loges.fr\/wp-content\/uploads\/2025\/12\/image18.jpg\" alt=\"\" class=\"wp-image-560\" srcset=\"https:\/\/theatre-des-loges.fr\/wp-content\/uploads\/2025\/12\/image18.jpg 1047w, https:\/\/theatre-des-loges.fr\/wp-content\/uploads\/2025\/12\/image18-198x300.jpg 198w, https:\/\/theatre-des-loges.fr\/wp-content\/uploads\/2025\/12\/image18-676x1024.jpg 676w, https:\/\/theatre-des-loges.fr\/wp-content\/uploads\/2025\/12\/image18-768x1163.jpg 768w, https:\/\/theatre-des-loges.fr\/wp-content\/uploads\/2025\/12\/image18-1015x1536.jpg 1015w\" sizes=\"auto, (max-width: 1047px) 100vw, 1047px\" \/><\/figure>\n\n\n\n<figure class=\"wp-block-image size-full\"><img loading=\"lazy\" decoding=\"async\" width=\"1041\" height=\"728\" data-id=\"558\" src=\"https:\/\/theatre-des-loges.fr\/wp-content\/uploads\/2025\/12\/image19.jpg\" alt=\"\" class=\"wp-image-558\" srcset=\"https:\/\/theatre-des-loges.fr\/wp-content\/uploads\/2025\/12\/image19.jpg 1041w, https:\/\/theatre-des-loges.fr\/wp-content\/uploads\/2025\/12\/image19-300x210.jpg 300w, https:\/\/theatre-des-loges.fr\/wp-content\/uploads\/2025\/12\/image19-1024x716.jpg 1024w, https:\/\/theatre-des-loges.fr\/wp-content\/uploads\/2025\/12\/image19-768x537.jpg 768w\" sizes=\"auto, (max-width: 1041px) 100vw, 1041px\" \/><\/figure>\n\n\n\n<figure class=\"wp-block-image size-full\"><img loading=\"lazy\" decoding=\"async\" width=\"1416\" height=\"785\" data-id=\"559\" src=\"https:\/\/theatre-des-loges.fr\/wp-content\/uploads\/2025\/12\/image20.jpg\" alt=\"\" class=\"wp-image-559\" srcset=\"https:\/\/theatre-des-loges.fr\/wp-content\/uploads\/2025\/12\/image20.jpg 1416w, https:\/\/theatre-des-loges.fr\/wp-content\/uploads\/2025\/12\/image20-300x166.jpg 300w, https:\/\/theatre-des-loges.fr\/wp-content\/uploads\/2025\/12\/image20-1024x568.jpg 1024w, https:\/\/theatre-des-loges.fr\/wp-content\/uploads\/2025\/12\/image20-768x426.jpg 768w\" sizes=\"auto, (max-width: 1416px) 100vw, 1416px\" \/><\/figure>\n<figcaption class=\"blocks-gallery-caption wp-element-caption\"><strong>Spectacle VII<br><em>Hamlet<\/em> de Shakespeare. <br>Cr\u00e9ation au Th\u00e9\u00e2tre des Loges, Pantin.<br>Reprise au Th\u00e9\u00e2tre de l\u2019Ep\u00e9e de Bois, Cartoucherie de Vincennes (1997)<\/strong><\/figcaption><\/figure>\n<\/div>\n<\/div>\n\n\n\n<div style=\"height:60px\" aria-hidden=\"true\" class=\"wp-block-spacer\"><\/div>\n\n\n\n<div class=\"wp-block-columns is-layout-flex wp-container-core-columns-is-layout-28f84493 wp-block-columns-is-layout-flex\" id=\"le-cri-d-un-acteur-a-un-sourd\">\n<div class=\"wp-block-column is-layout-flow wp-block-column-is-layout-flow\" style=\"padding-top:0;padding-right:0;padding-bottom:0;padding-left:0;flex-basis:100%\">\n<figure class=\"wp-block-gallery has-nested-images columns-1 is-cropped wp-block-gallery-8 is-layout-flex wp-block-gallery-is-layout-flex\">\n<figure class=\"wp-block-image size-full\"><img loading=\"lazy\" decoding=\"async\" width=\"1696\" height=\"1147\" data-id=\"561\" src=\"https:\/\/theatre-des-loges.fr\/wp-content\/uploads\/2025\/12\/image21.jpg\" alt=\"\" class=\"wp-image-561\" srcset=\"https:\/\/theatre-des-loges.fr\/wp-content\/uploads\/2025\/12\/image21.jpg 1696w, https:\/\/theatre-des-loges.fr\/wp-content\/uploads\/2025\/12\/image21-300x203.jpg 300w, https:\/\/theatre-des-loges.fr\/wp-content\/uploads\/2025\/12\/image21-1024x693.jpg 1024w, https:\/\/theatre-des-loges.fr\/wp-content\/uploads\/2025\/12\/image21-768x519.jpg 768w, https:\/\/theatre-des-loges.fr\/wp-content\/uploads\/2025\/12\/image21-1536x1039.jpg 1536w\" sizes=\"auto, (max-width: 1696px) 100vw, 1696px\" \/><\/figure>\n\n\n\n<figure class=\"wp-block-image size-full\"><img loading=\"lazy\" decoding=\"async\" width=\"1698\" height=\"1225\" data-id=\"562\" src=\"https:\/\/theatre-des-loges.fr\/wp-content\/uploads\/2025\/12\/image22.jpg\" alt=\"\" class=\"wp-image-562\" srcset=\"https:\/\/theatre-des-loges.fr\/wp-content\/uploads\/2025\/12\/image22.jpg 1698w, https:\/\/theatre-des-loges.fr\/wp-content\/uploads\/2025\/12\/image22-300x216.jpg 300w, https:\/\/theatre-des-loges.fr\/wp-content\/uploads\/2025\/12\/image22-1024x739.jpg 1024w, https:\/\/theatre-des-loges.fr\/wp-content\/uploads\/2025\/12\/image22-768x554.jpg 768w, https:\/\/theatre-des-loges.fr\/wp-content\/uploads\/2025\/12\/image22-1536x1108.jpg 1536w\" sizes=\"auto, (max-width: 1698px) 100vw, 1698px\" \/><\/figure>\n<figcaption class=\"blocks-gallery-caption wp-element-caption\"><strong>Spectacle VIII<br><em>Le cri d\u2019un acteur \u00e0 un sourd<\/em> de Michel Mourt\u00e9rot. <br>Cr\u00e9ation au Th\u00e9\u00e2tre des Loges, Pantin (1998)<\/strong><\/figcaption><\/figure>\n<\/div>\n<\/div>\n\n\n\n<div style=\"height:60px\" aria-hidden=\"true\" class=\"wp-block-spacer\"><\/div>\n\n\n\n<div class=\"wp-block-columns is-layout-flex wp-container-core-columns-is-layout-28f84493 wp-block-columns-is-layout-flex\" id=\"yerma\">\n<div class=\"wp-block-column is-layout-flow wp-block-column-is-layout-flow\" style=\"padding-top:0;padding-right:0;padding-bottom:0;padding-left:0;flex-basis:100%\">\n<figure class=\"wp-block-gallery has-nested-images columns-2 is-cropped wp-block-gallery-9 is-layout-flex wp-block-gallery-is-layout-flex\">\n<figure class=\"wp-block-image size-full\"><img loading=\"lazy\" decoding=\"async\" width=\"872\" height=\"1133\" data-id=\"563\" src=\"https:\/\/theatre-des-loges.fr\/wp-content\/uploads\/2025\/12\/image23.jpg\" alt=\"\" class=\"wp-image-563\" srcset=\"https:\/\/theatre-des-loges.fr\/wp-content\/uploads\/2025\/12\/image23.jpg 872w, https:\/\/theatre-des-loges.fr\/wp-content\/uploads\/2025\/12\/image23-231x300.jpg 231w, https:\/\/theatre-des-loges.fr\/wp-content\/uploads\/2025\/12\/image23-788x1024.jpg 788w, https:\/\/theatre-des-loges.fr\/wp-content\/uploads\/2025\/12\/image23-768x998.jpg 768w\" sizes=\"auto, (max-width: 872px) 100vw, 872px\" \/><\/figure>\n\n\n\n<figure class=\"wp-block-image size-full\"><img loading=\"lazy\" decoding=\"async\" width=\"767\" height=\"978\" data-id=\"564\" src=\"https:\/\/theatre-des-loges.fr\/wp-content\/uploads\/2025\/12\/image24.jpg\" alt=\"\" class=\"wp-image-564\" srcset=\"https:\/\/theatre-des-loges.fr\/wp-content\/uploads\/2025\/12\/image24.jpg 767w, https:\/\/theatre-des-loges.fr\/wp-content\/uploads\/2025\/12\/image24-235x300.jpg 235w\" sizes=\"auto, (max-width: 767px) 100vw, 767px\" \/><\/figure>\n\n\n\n<figure class=\"wp-block-image size-full\"><img loading=\"lazy\" decoding=\"async\" width=\"1557\" height=\"1048\" data-id=\"656\" src=\"https:\/\/theatre-des-loges.fr\/wp-content\/uploads\/2026\/01\/image25-edited.jpg\" alt=\"\" class=\"wp-image-656\" srcset=\"https:\/\/theatre-des-loges.fr\/wp-content\/uploads\/2026\/01\/image25-edited.jpg 1557w, https:\/\/theatre-des-loges.fr\/wp-content\/uploads\/2026\/01\/image25-edited-300x202.jpg 300w, https:\/\/theatre-des-loges.fr\/wp-content\/uploads\/2026\/01\/image25-edited-1024x689.jpg 1024w, https:\/\/theatre-des-loges.fr\/wp-content\/uploads\/2026\/01\/image25-edited-768x517.jpg 768w, https:\/\/theatre-des-loges.fr\/wp-content\/uploads\/2026\/01\/image25-edited-1536x1034.jpg 1536w\" sizes=\"auto, (max-width: 1557px) 100vw, 1557px\" \/><\/figure>\n<figcaption class=\"blocks-gallery-caption wp-element-caption\"><strong>Spectacle IX<br><em>Yerma <\/em>de Federico Garcia-Lorca.<br>Cr\u00e9ation au Th\u00e9\u00e2tre des Loges, Pantin (1998\/1999)<\/strong><\/figcaption><\/figure>\n<\/div>\n<\/div>\n\n\n\n<div style=\"height:60px\" aria-hidden=\"true\" class=\"wp-block-spacer\"><\/div>\n\n\n\n<div class=\"wp-block-columns is-layout-flex wp-container-core-columns-is-layout-28f84493 wp-block-columns-is-layout-flex\" id=\"le-malade-imaginaire\">\n<div class=\"wp-block-column is-layout-flow wp-block-column-is-layout-flow\" style=\"padding-top:0;padding-right:0;padding-bottom:0;padding-left:0;flex-basis:100%\">\n<figure class=\"wp-block-gallery has-nested-images columns-2 is-cropped wp-block-gallery-10 is-layout-flex wp-block-gallery-is-layout-flex\">\n<figure class=\"wp-block-image size-full\"><img loading=\"lazy\" decoding=\"async\" width=\"929\" height=\"1377\" data-id=\"567\" src=\"https:\/\/theatre-des-loges.fr\/wp-content\/uploads\/2025\/12\/image26.jpg\" alt=\"\" class=\"wp-image-567\" srcset=\"https:\/\/theatre-des-loges.fr\/wp-content\/uploads\/2025\/12\/image26.jpg 929w, https:\/\/theatre-des-loges.fr\/wp-content\/uploads\/2025\/12\/image26-202x300.jpg 202w, https:\/\/theatre-des-loges.fr\/wp-content\/uploads\/2025\/12\/image26-691x1024.jpg 691w, https:\/\/theatre-des-loges.fr\/wp-content\/uploads\/2025\/12\/image26-768x1138.jpg 768w\" sizes=\"auto, (max-width: 929px) 100vw, 929px\" \/><\/figure>\n\n\n\n<figure class=\"wp-block-image size-full\"><img loading=\"lazy\" decoding=\"async\" width=\"1415\" height=\"1000\" data-id=\"566\" src=\"https:\/\/theatre-des-loges.fr\/wp-content\/uploads\/2025\/12\/image27.jpg\" alt=\"\" class=\"wp-image-566\" srcset=\"https:\/\/theatre-des-loges.fr\/wp-content\/uploads\/2025\/12\/image27.jpg 1415w, https:\/\/theatre-des-loges.fr\/wp-content\/uploads\/2025\/12\/image27-300x212.jpg 300w, https:\/\/theatre-des-loges.fr\/wp-content\/uploads\/2025\/12\/image27-1024x724.jpg 1024w, https:\/\/theatre-des-loges.fr\/wp-content\/uploads\/2025\/12\/image27-768x543.jpg 768w\" sizes=\"auto, (max-width: 1415px) 100vw, 1415px\" \/><\/figure>\n\n\n\n<figure class=\"wp-block-image size-full\"><img loading=\"lazy\" decoding=\"async\" width=\"1426\" height=\"903\" data-id=\"568\" src=\"https:\/\/theatre-des-loges.fr\/wp-content\/uploads\/2025\/12\/image28.jpg\" alt=\"\" class=\"wp-image-568\" srcset=\"https:\/\/theatre-des-loges.fr\/wp-content\/uploads\/2025\/12\/image28.jpg 1426w, https:\/\/theatre-des-loges.fr\/wp-content\/uploads\/2025\/12\/image28-300x190.jpg 300w, https:\/\/theatre-des-loges.fr\/wp-content\/uploads\/2025\/12\/image28-1024x648.jpg 1024w, https:\/\/theatre-des-loges.fr\/wp-content\/uploads\/2025\/12\/image28-768x486.jpg 768w\" sizes=\"auto, (max-width: 1426px) 100vw, 1426px\" \/><\/figure>\n<figcaption class=\"blocks-gallery-caption wp-element-caption\"><strong>Spectacle X<em><br>Le Malade Imaginaire<\/em> de Moli\u00e8re.<br>Cr\u00e9ation au Th\u00e9\u00e2tre des Loges, Pantin (1999\/2000)<\/strong><\/figcaption><\/figure>\n<\/div>\n<\/div>\n\n\n\n<div style=\"height:60px\" aria-hidden=\"true\" class=\"wp-block-spacer\"><\/div>\n\n\n\n<div class=\"wp-block-columns is-layout-flex wp-container-core-columns-is-layout-28f84493 wp-block-columns-is-layout-flex\" id=\"la-savetiere-prodigieuse\">\n<div class=\"wp-block-column is-layout-flow wp-block-column-is-layout-flow\" style=\"padding-top:0;padding-right:0;padding-bottom:0;padding-left:0;flex-basis:100%\">\n<figure class=\"wp-block-gallery has-nested-images columns-1 is-cropped wp-block-gallery-11 is-layout-flex wp-block-gallery-is-layout-flex\">\n<figure class=\"wp-block-image size-full\"><img loading=\"lazy\" decoding=\"async\" width=\"1532\" height=\"2198\" data-id=\"571\" src=\"https:\/\/theatre-des-loges.fr\/wp-content\/uploads\/2025\/12\/image29.jpg\" alt=\"\" class=\"wp-image-571\" srcset=\"https:\/\/theatre-des-loges.fr\/wp-content\/uploads\/2025\/12\/image29.jpg 1532w, https:\/\/theatre-des-loges.fr\/wp-content\/uploads\/2025\/12\/image29-209x300.jpg 209w, https:\/\/theatre-des-loges.fr\/wp-content\/uploads\/2025\/12\/image29-714x1024.jpg 714w, https:\/\/theatre-des-loges.fr\/wp-content\/uploads\/2025\/12\/image29-768x1102.jpg 768w, https:\/\/theatre-des-loges.fr\/wp-content\/uploads\/2025\/12\/image29-1071x1536.jpg 1071w, https:\/\/theatre-des-loges.fr\/wp-content\/uploads\/2025\/12\/image29-1427x2048.jpg 1427w\" sizes=\"auto, (max-width: 1532px) 100vw, 1532px\" \/><\/figure>\n\n\n\n<figure class=\"wp-block-image size-full\"><img loading=\"lazy\" decoding=\"async\" width=\"1502\" height=\"995\" data-id=\"570\" src=\"https:\/\/theatre-des-loges.fr\/wp-content\/uploads\/2025\/12\/image30.jpg\" alt=\"\" class=\"wp-image-570\" srcset=\"https:\/\/theatre-des-loges.fr\/wp-content\/uploads\/2025\/12\/image30.jpg 1502w, https:\/\/theatre-des-loges.fr\/wp-content\/uploads\/2025\/12\/image30-300x199.jpg 300w, https:\/\/theatre-des-loges.fr\/wp-content\/uploads\/2025\/12\/image30-1024x678.jpg 1024w, https:\/\/theatre-des-loges.fr\/wp-content\/uploads\/2025\/12\/image30-768x509.jpg 768w\" sizes=\"auto, (max-width: 1502px) 100vw, 1502px\" \/><\/figure>\n\n\n\n<figure class=\"wp-block-image size-full\"><img loading=\"lazy\" decoding=\"async\" width=\"1507\" height=\"1207\" data-id=\"569\" src=\"https:\/\/theatre-des-loges.fr\/wp-content\/uploads\/2025\/12\/image31.jpg\" alt=\"\" class=\"wp-image-569\" srcset=\"https:\/\/theatre-des-loges.fr\/wp-content\/uploads\/2025\/12\/image31.jpg 1507w, https:\/\/theatre-des-loges.fr\/wp-content\/uploads\/2025\/12\/image31-300x240.jpg 300w, https:\/\/theatre-des-loges.fr\/wp-content\/uploads\/2025\/12\/image31-1024x820.jpg 1024w, https:\/\/theatre-des-loges.fr\/wp-content\/uploads\/2025\/12\/image31-768x615.jpg 768w\" sizes=\"auto, (max-width: 1507px) 100vw, 1507px\" \/><\/figure>\n<figcaption class=\"blocks-gallery-caption wp-element-caption\"><strong>Spectacle XI<em><br>La Saveti\u00e8re Prodigieuse<\/em> de Federico Garcia-Lorca.<em><br><\/em>Cr\u00e9ation au Th\u00e9\u00e2tre des Loges, Pantin (2001\/2003)<\/strong><\/figcaption><\/figure>\n<\/div>\n<\/div>\n\n\n\n<div style=\"height:60px\" aria-hidden=\"true\" class=\"wp-block-spacer\"><\/div>\n\n\n\n<div class=\"wp-block-columns is-layout-flex wp-container-core-columns-is-layout-28f84493 wp-block-columns-is-layout-flex\" id=\"andromaque\">\n<div class=\"wp-block-column is-layout-flow wp-block-column-is-layout-flow\" style=\"padding-top:0;padding-right:0;padding-bottom:0;padding-left:0;flex-basis:100%\">\n<figure class=\"wp-block-gallery has-nested-images columns-1 is-cropped wp-block-gallery-12 is-layout-flex wp-block-gallery-is-layout-flex\">\n<figure class=\"wp-block-image size-full\"><img loading=\"lazy\" decoding=\"async\" width=\"1415\" height=\"1957\" data-id=\"586\" src=\"https:\/\/theatre-des-loges.fr\/wp-content\/uploads\/2026\/01\/Andromaque-2-1.jpeg\" alt=\"\" class=\"wp-image-586\" srcset=\"https:\/\/theatre-des-loges.fr\/wp-content\/uploads\/2026\/01\/Andromaque-2-1.jpeg 1415w, https:\/\/theatre-des-loges.fr\/wp-content\/uploads\/2026\/01\/Andromaque-2-1-217x300.jpeg 217w, https:\/\/theatre-des-loges.fr\/wp-content\/uploads\/2026\/01\/Andromaque-2-1-740x1024.jpeg 740w, https:\/\/theatre-des-loges.fr\/wp-content\/uploads\/2026\/01\/Andromaque-2-1-768x1062.jpeg 768w, https:\/\/theatre-des-loges.fr\/wp-content\/uploads\/2026\/01\/Andromaque-2-1-1111x1536.jpeg 1111w\" sizes=\"auto, (max-width: 1415px) 100vw, 1415px\" \/><\/figure>\n\n\n\n<figure class=\"wp-block-image size-full\"><img loading=\"lazy\" decoding=\"async\" width=\"1447\" height=\"943\" data-id=\"573\" src=\"https:\/\/theatre-des-loges.fr\/wp-content\/uploads\/2025\/12\/image32.jpg\" alt=\"\" class=\"wp-image-573\" srcset=\"https:\/\/theatre-des-loges.fr\/wp-content\/uploads\/2025\/12\/image32.jpg 1447w, https:\/\/theatre-des-loges.fr\/wp-content\/uploads\/2025\/12\/image32-300x196.jpg 300w, https:\/\/theatre-des-loges.fr\/wp-content\/uploads\/2025\/12\/image32-1024x667.jpg 1024w, https:\/\/theatre-des-loges.fr\/wp-content\/uploads\/2025\/12\/image32-768x501.jpg 768w\" sizes=\"auto, (max-width: 1447px) 100vw, 1447px\" \/><\/figure>\n<figcaption class=\"blocks-gallery-caption wp-element-caption\"><strong>Spectacle XII<br><em>Andromaque<\/em> de Racine.<\/strong><br><strong>Cr\u00e9ation au Th\u00e9\u00e2tre des Loges, Pantin (2003)<\/strong><\/figcaption><\/figure>\n<\/div>\n<\/div>\n\n\n\n<div style=\"height:60px\" aria-hidden=\"true\" class=\"wp-block-spacer\"><\/div>\n\n\n\n<div class=\"wp-block-columns is-layout-flex wp-container-core-columns-is-layout-28f84493 wp-block-columns-is-layout-flex\" id=\"une-promenade-au-portugal\">\n<div class=\"wp-block-column is-layout-flow wp-block-column-is-layout-flow\" style=\"padding-top:0;padding-right:0;padding-bottom:0;padding-left:0;flex-basis:100%\">\n<figure class=\"wp-block-gallery has-nested-images columns-1 is-cropped wp-block-gallery-13 is-layout-flex wp-block-gallery-is-layout-flex\">\n<figure class=\"wp-block-image size-full\"><img loading=\"lazy\" decoding=\"async\" width=\"1137\" height=\"1486\" data-id=\"574\" src=\"https:\/\/theatre-des-loges.fr\/wp-content\/uploads\/2025\/12\/image33-1.jpg\" alt=\"\" class=\"wp-image-574\" srcset=\"https:\/\/theatre-des-loges.fr\/wp-content\/uploads\/2025\/12\/image33-1.jpg 1137w, https:\/\/theatre-des-loges.fr\/wp-content\/uploads\/2025\/12\/image33-1-230x300.jpg 230w, https:\/\/theatre-des-loges.fr\/wp-content\/uploads\/2025\/12\/image33-1-784x1024.jpg 784w, https:\/\/theatre-des-loges.fr\/wp-content\/uploads\/2025\/12\/image33-1-768x1004.jpg 768w\" sizes=\"auto, (max-width: 1137px) 100vw, 1137px\" \/><\/figure>\n<figcaption class=\"blocks-gallery-caption wp-element-caption\"><strong>Spectacle XIII<br><em>Une promenade au Portugal<\/em><br>R\u00e9cital de fado par Eunice Ferreira.<br>Cr\u00e9ation au Th\u00e9\u00e2tre des Loges, Pantin (2003)<\/strong><\/figcaption><\/figure>\n<\/div>\n<\/div>\n\n\n\n<div style=\"height:60px\" aria-hidden=\"true\" class=\"wp-block-spacer\"><\/div>\n\n\n\n<div class=\"wp-block-columns is-layout-flex wp-container-core-columns-is-layout-28f84493 wp-block-columns-is-layout-flex\" id=\"les-fourberies-de-scapin\">\n<div class=\"wp-block-column is-layout-flow wp-block-column-is-layout-flow\" style=\"padding-top:0;padding-right:0;padding-bottom:0;padding-left:0;flex-basis:100%\">\n<figure class=\"wp-block-gallery has-nested-images columns-2 is-cropped wp-block-gallery-14 is-layout-flex wp-block-gallery-is-layout-flex\">\n<figure class=\"wp-block-image size-full\"><img loading=\"lazy\" decoding=\"async\" width=\"708\" height=\"1047\" data-id=\"588\" src=\"https:\/\/theatre-des-loges.fr\/wp-content\/uploads\/2026\/01\/image2.png\" alt=\"\" class=\"wp-image-588\" srcset=\"https:\/\/theatre-des-loges.fr\/wp-content\/uploads\/2026\/01\/image2.png 708w, https:\/\/theatre-des-loges.fr\/wp-content\/uploads\/2026\/01\/image2-203x300.png 203w, https:\/\/theatre-des-loges.fr\/wp-content\/uploads\/2026\/01\/image2-692x1024.png 692w\" sizes=\"auto, (max-width: 708px) 100vw, 708px\" \/><\/figure>\n\n\n\n<figure class=\"wp-block-image size-full\"><img loading=\"lazy\" decoding=\"async\" width=\"1406\" height=\"981\" data-id=\"587\" src=\"https:\/\/theatre-des-loges.fr\/wp-content\/uploads\/2026\/01\/image3.png\" alt=\"\" class=\"wp-image-587\" srcset=\"https:\/\/theatre-des-loges.fr\/wp-content\/uploads\/2026\/01\/image3.png 1406w, https:\/\/theatre-des-loges.fr\/wp-content\/uploads\/2026\/01\/image3-300x209.png 300w, https:\/\/theatre-des-loges.fr\/wp-content\/uploads\/2026\/01\/image3-1024x714.png 1024w, https:\/\/theatre-des-loges.fr\/wp-content\/uploads\/2026\/01\/image3-768x536.png 768w\" sizes=\"auto, (max-width: 1406px) 100vw, 1406px\" \/><\/figure>\n<figcaption class=\"blocks-gallery-caption wp-element-caption\"><strong>Spectacle XIV<br><em>Les Fourberies de Scapin<\/em> de Moli\u00e8re. <br>Cr\u00e9ation au Th\u00e9\u00e2tre des Loges, Pantin (2003\/2004)<\/strong><\/figcaption><\/figure>\n<\/div>\n<\/div>\n\n\n\n<div style=\"height:60px\" aria-hidden=\"true\" class=\"wp-block-spacer\"><\/div>\n\n\n\n<div class=\"wp-block-columns is-layout-flex wp-container-core-columns-is-layout-28f84493 wp-block-columns-is-layout-flex\" id=\"serviteur\">\n<div class=\"wp-block-column is-layout-flow wp-block-column-is-layout-flow\" style=\"padding-top:0;padding-right:0;padding-bottom:0;padding-left:0;flex-basis:100%\">\n<figure class=\"wp-block-gallery has-nested-images columns-2 is-cropped wp-block-gallery-15 is-layout-flex wp-block-gallery-is-layout-flex\">\n<figure class=\"wp-block-image size-full\"><img loading=\"lazy\" decoding=\"async\" width=\"949\" height=\"663\" data-id=\"589\" src=\"https:\/\/theatre-des-loges.fr\/wp-content\/uploads\/2026\/01\/image4.png\" alt=\"\" class=\"wp-image-589\" srcset=\"https:\/\/theatre-des-loges.fr\/wp-content\/uploads\/2026\/01\/image4.png 949w, https:\/\/theatre-des-loges.fr\/wp-content\/uploads\/2026\/01\/image4-300x210.png 300w, https:\/\/theatre-des-loges.fr\/wp-content\/uploads\/2026\/01\/image4-768x537.png 768w\" sizes=\"auto, (max-width: 949px) 100vw, 949px\" \/><\/figure>\n<figcaption class=\"blocks-gallery-caption wp-element-caption\"><strong>Spectacle XV<br><em>Serviteur <\/em>de Michel Mourt\u00e9rot.<br>Cr\u00e9ation au Th\u00e9\u00e2tre des Loges, Pantin (2005\/2006)<\/strong><\/figcaption><\/figure>\n<\/div>\n<\/div>\n\n\n\n<div style=\"height:60px\" aria-hidden=\"true\" class=\"wp-block-spacer\"><\/div>\n\n\n\n<div class=\"wp-block-columns is-layout-flex wp-container-core-columns-is-layout-28f84493 wp-block-columns-is-layout-flex\" id=\"tailleur-pour-dames\">\n<div class=\"wp-block-column is-layout-flow wp-block-column-is-layout-flow\" style=\"padding-top:0;padding-right:0;padding-bottom:0;padding-left:0;flex-basis:100%\">\n<figure class=\"wp-block-gallery has-nested-images columns-2 is-cropped wp-block-gallery-16 is-layout-flex wp-block-gallery-is-layout-flex\">\n<figure class=\"wp-block-image size-full\"><img loading=\"lazy\" decoding=\"async\" width=\"880\" height=\"555\" data-id=\"590\" src=\"https:\/\/theatre-des-loges.fr\/wp-content\/uploads\/2026\/01\/image5.png\" alt=\"\" class=\"wp-image-590\" srcset=\"https:\/\/theatre-des-loges.fr\/wp-content\/uploads\/2026\/01\/image5.png 880w, https:\/\/theatre-des-loges.fr\/wp-content\/uploads\/2026\/01\/image5-300x189.png 300w, https:\/\/theatre-des-loges.fr\/wp-content\/uploads\/2026\/01\/image5-768x484.png 768w\" sizes=\"auto, (max-width: 880px) 100vw, 880px\" \/><\/figure>\n<figcaption class=\"blocks-gallery-caption wp-element-caption\"><strong>Spectacle XVI<br><em>Tailleur pour Dames<\/em> de Georges Feydeau.<\/strong><br><strong>Cr\u00e9ation au Th\u00e9\u00e2tre des Loges, Pantin (2007)<\/strong><\/figcaption><\/figure>\n<\/div>\n<\/div>\n\n\n\n<div style=\"height:60px\" aria-hidden=\"true\" class=\"wp-block-spacer\"><\/div>\n\n\n\n<div class=\"wp-block-columns is-layout-flex wp-container-core-columns-is-layout-28f84493 wp-block-columns-is-layout-flex\" id=\"le-misanthrope-2007\">\n<div class=\"wp-block-column is-layout-flow wp-block-column-is-layout-flow\" style=\"padding-top:0;padding-right:0;padding-bottom:0;padding-left:0;flex-basis:100%\">\n<figure class=\"wp-block-gallery has-nested-images columns-2 is-cropped wp-block-gallery-17 is-layout-flex wp-block-gallery-is-layout-flex\">\n<figure class=\"wp-block-image size-full\"><img loading=\"lazy\" decoding=\"async\" width=\"929\" height=\"1103\" data-id=\"591\" src=\"https:\/\/theatre-des-loges.fr\/wp-content\/uploads\/2026\/01\/image6.png\" alt=\"\" class=\"wp-image-591\" srcset=\"https:\/\/theatre-des-loges.fr\/wp-content\/uploads\/2026\/01\/image6.png 929w, https:\/\/theatre-des-loges.fr\/wp-content\/uploads\/2026\/01\/image6-253x300.png 253w, https:\/\/theatre-des-loges.fr\/wp-content\/uploads\/2026\/01\/image6-862x1024.png 862w, https:\/\/theatre-des-loges.fr\/wp-content\/uploads\/2026\/01\/image6-768x912.png 768w\" sizes=\"auto, (max-width: 929px) 100vw, 929px\" \/><\/figure>\n\n\n\n<figure class=\"wp-block-image size-full\"><img loading=\"lazy\" decoding=\"async\" width=\"738\" height=\"1100\" data-id=\"592\" src=\"https:\/\/theatre-des-loges.fr\/wp-content\/uploads\/2026\/01\/image7.png\" alt=\"\" class=\"wp-image-592\" srcset=\"https:\/\/theatre-des-loges.fr\/wp-content\/uploads\/2026\/01\/image7.png 738w, https:\/\/theatre-des-loges.fr\/wp-content\/uploads\/2026\/01\/image7-201x300.png 201w, https:\/\/theatre-des-loges.fr\/wp-content\/uploads\/2026\/01\/image7-687x1024.png 687w\" sizes=\"auto, (max-width: 738px) 100vw, 738px\" \/><\/figure>\n<figcaption class=\"blocks-gallery-caption wp-element-caption\"><strong>Spectacle XVII<br><em>Le Misanthrope <\/em>de Moli\u00e8re.<\/strong><br><strong>Cr\u00e9ation au Th\u00e9\u00e2tre des Loges, Pantin (2007)<\/strong><\/figcaption><\/figure>\n<\/div>\n<\/div>\n\n\n\n<div style=\"height:60px\" aria-hidden=\"true\" class=\"wp-block-spacer\"><\/div>\n\n\n\n<div class=\"wp-block-columns is-layout-flex wp-container-core-columns-is-layout-28f84493 wp-block-columns-is-layout-flex\" id=\"un-prophete-de-rien\">\n<div class=\"wp-block-column is-layout-flow wp-block-column-is-layout-flow\" style=\"padding-top:0;padding-right:0;padding-bottom:0;padding-left:0;flex-basis:100%\">\n<figure class=\"wp-block-gallery has-nested-images columns-2 is-cropped wp-block-gallery-18 is-layout-flex wp-block-gallery-is-layout-flex\">\n<figure class=\"wp-block-image size-full\"><img loading=\"lazy\" decoding=\"async\" width=\"556\" height=\"798\" data-id=\"593\" src=\"https:\/\/theatre-des-loges.fr\/wp-content\/uploads\/2026\/01\/image9.png\" alt=\"\" class=\"wp-image-593\" srcset=\"https:\/\/theatre-des-loges.fr\/wp-content\/uploads\/2026\/01\/image9.png 556w, https:\/\/theatre-des-loges.fr\/wp-content\/uploads\/2026\/01\/image9-209x300.png 209w\" sizes=\"auto, (max-width: 556px) 100vw, 556px\" \/><\/figure>\n\n\n\n<figure class=\"wp-block-image size-full\"><img loading=\"lazy\" decoding=\"async\" width=\"1241\" height=\"1667\" data-id=\"594\" src=\"https:\/\/theatre-des-loges.fr\/wp-content\/uploads\/2026\/01\/image8.jpeg\" alt=\"\" class=\"wp-image-594\" srcset=\"https:\/\/theatre-des-loges.fr\/wp-content\/uploads\/2026\/01\/image8.jpeg 1241w, https:\/\/theatre-des-loges.fr\/wp-content\/uploads\/2026\/01\/image8-223x300.jpeg 223w, https:\/\/theatre-des-loges.fr\/wp-content\/uploads\/2026\/01\/image8-762x1024.jpeg 762w, https:\/\/theatre-des-loges.fr\/wp-content\/uploads\/2026\/01\/image8-768x1032.jpeg 768w, https:\/\/theatre-des-loges.fr\/wp-content\/uploads\/2026\/01\/image8-1143x1536.jpeg 1143w\" sizes=\"auto, (max-width: 1241px) 100vw, 1241px\" \/><\/figure>\n<figcaption class=\"blocks-gallery-caption wp-element-caption\"><strong>Spectacle XVIII<br><em>Un proph\u00e8te de rien<\/em>, monologue de S\u00e9bastien Houbre.<\/strong><br><strong>Cr\u00e9ation au Th\u00e9\u00e2tre des Loges, Pantin (2008\/2009)<\/strong><\/figcaption><\/figure>\n<\/div>\n<\/div>\n\n\n\n<div style=\"height:60px\" aria-hidden=\"true\" class=\"wp-block-spacer\"><\/div>\n\n\n\n<div class=\"wp-block-columns is-layout-flex wp-container-core-columns-is-layout-28f84493 wp-block-columns-is-layout-flex\" id=\"volpone\">\n<div class=\"wp-block-column is-layout-flow wp-block-column-is-layout-flow\" style=\"padding-top:0;padding-right:0;padding-bottom:0;padding-left:0;flex-basis:100%\">\n<figure class=\"wp-block-gallery has-nested-images columns-2 is-cropped wp-block-gallery-19 is-layout-flex wp-block-gallery-is-layout-flex\">\n<figure class=\"wp-block-image size-full\"><img loading=\"lazy\" decoding=\"async\" width=\"490\" height=\"350\" data-id=\"657\" src=\"https:\/\/theatre-des-loges.fr\/wp-content\/uploads\/2026\/01\/image10-edited.jpeg\" alt=\"\" class=\"wp-image-657\" srcset=\"https:\/\/theatre-des-loges.fr\/wp-content\/uploads\/2026\/01\/image10-edited.jpeg 490w, https:\/\/theatre-des-loges.fr\/wp-content\/uploads\/2026\/01\/image10-edited-300x214.jpeg 300w\" sizes=\"auto, (max-width: 490px) 100vw, 490px\" \/><\/figure>\n\n\n\n<figure class=\"wp-block-image size-full\"><img loading=\"lazy\" decoding=\"async\" width=\"500\" height=\"336\" data-id=\"596\" src=\"https:\/\/theatre-des-loges.fr\/wp-content\/uploads\/2026\/01\/image11.jpeg\" alt=\"\" class=\"wp-image-596\" srcset=\"https:\/\/theatre-des-loges.fr\/wp-content\/uploads\/2026\/01\/image11.jpeg 500w, https:\/\/theatre-des-loges.fr\/wp-content\/uploads\/2026\/01\/image11-300x202.jpeg 300w\" sizes=\"auto, (max-width: 500px) 100vw, 500px\" \/><\/figure>\n\n\n\n<figure class=\"wp-block-image size-full\"><img loading=\"lazy\" decoding=\"async\" width=\"1116\" height=\"761\" data-id=\"597\" src=\"https:\/\/theatre-des-loges.fr\/wp-content\/uploads\/2026\/01\/image12.png\" alt=\"\" class=\"wp-image-597\" srcset=\"https:\/\/theatre-des-loges.fr\/wp-content\/uploads\/2026\/01\/image12.png 1116w, https:\/\/theatre-des-loges.fr\/wp-content\/uploads\/2026\/01\/image12-300x205.png 300w, https:\/\/theatre-des-loges.fr\/wp-content\/uploads\/2026\/01\/image12-1024x698.png 1024w, https:\/\/theatre-des-loges.fr\/wp-content\/uploads\/2026\/01\/image12-768x524.png 768w\" sizes=\"auto, (max-width: 1116px) 100vw, 1116px\" \/><\/figure>\n<figcaption class=\"blocks-gallery-caption wp-element-caption\"><strong>Spectacle XIX<br><em>Volpone <\/em>ou <em>le renard<\/em> de Benjamin Jonson.<br>Cr\u00e9ation au Th\u00e9\u00e2tre des Loges, Pantin (2008\/2009)<\/strong><\/figcaption><\/figure>\n<\/div>\n<\/div>\n\n\n\n<div style=\"height:60px\" aria-hidden=\"true\" class=\"wp-block-spacer\"><\/div>\n\n\n\n<div class=\"wp-block-columns is-layout-flex wp-container-core-columns-is-layout-28f84493 wp-block-columns-is-layout-flex\" id=\"camarade-renzo\">\n<div class=\"wp-block-column is-layout-flow wp-block-column-is-layout-flow\" style=\"padding-top:0;padding-right:0;padding-bottom:0;padding-left:0;flex-basis:100%\">\n<figure class=\"wp-block-gallery has-nested-images columns-2 is-cropped wp-block-gallery-20 is-layout-flex wp-block-gallery-is-layout-flex\">\n<figure class=\"wp-block-image size-full\"><img loading=\"lazy\" decoding=\"async\" width=\"890\" height=\"1350\" data-id=\"604\" src=\"https:\/\/theatre-des-loges.fr\/wp-content\/uploads\/2026\/01\/image14-2.png\" alt=\"\" class=\"wp-image-604\" srcset=\"https:\/\/theatre-des-loges.fr\/wp-content\/uploads\/2026\/01\/image14-2.png 890w, https:\/\/theatre-des-loges.fr\/wp-content\/uploads\/2026\/01\/image14-2-198x300.png 198w, https:\/\/theatre-des-loges.fr\/wp-content\/uploads\/2026\/01\/image14-2-675x1024.png 675w, https:\/\/theatre-des-loges.fr\/wp-content\/uploads\/2026\/01\/image14-2-768x1165.png 768w\" sizes=\"auto, (max-width: 890px) 100vw, 890px\" \/><\/figure>\n\n\n\n<figure class=\"wp-block-image size-full\"><img loading=\"lazy\" decoding=\"async\" width=\"1313\" height=\"827\" data-id=\"605\" src=\"https:\/\/theatre-des-loges.fr\/wp-content\/uploads\/2026\/01\/image15-2.png\" alt=\"\" class=\"wp-image-605\" srcset=\"https:\/\/theatre-des-loges.fr\/wp-content\/uploads\/2026\/01\/image15-2.png 1313w, https:\/\/theatre-des-loges.fr\/wp-content\/uploads\/2026\/01\/image15-2-300x189.png 300w, https:\/\/theatre-des-loges.fr\/wp-content\/uploads\/2026\/01\/image15-2-1024x645.png 1024w, https:\/\/theatre-des-loges.fr\/wp-content\/uploads\/2026\/01\/image15-2-768x484.png 768w\" sizes=\"auto, (max-width: 1313px) 100vw, 1313px\" \/><\/figure>\n\n\n\n<figure class=\"wp-block-image size-full\"><img loading=\"lazy\" decoding=\"async\" width=\"480\" height=\"280\" data-id=\"601\" src=\"https:\/\/theatre-des-loges.fr\/wp-content\/uploads\/2026\/01\/image13-1.gif\" alt=\"\" class=\"wp-image-601\"\/><\/figure>\n<figcaption class=\"blocks-gallery-caption wp-element-caption\"><strong>Spectacle XX<br><em>Camarade Renzo<\/em> d\u2019apr\u00e8s <em>Lorenzaccio <\/em>d\u2019Alfred de Musset.<\/strong><br><strong>Cr\u00e9ation au Th\u00e9\u00e2tre des Loges, Pantin (2011)<\/strong><\/figcaption><\/figure>\n<\/div>\n<\/div>\n\n\n\n<div style=\"height:60px\" aria-hidden=\"true\" class=\"wp-block-spacer\"><\/div>\n\n\n\n<div class=\"wp-block-columns is-layout-flex wp-container-core-columns-is-layout-28f84493 wp-block-columns-is-layout-flex\" id=\"l-avare\">\n<div class=\"wp-block-column is-layout-flow wp-block-column-is-layout-flow\" style=\"padding-top:0;padding-right:0;padding-bottom:0;padding-left:0;flex-basis:100%\">\n<figure class=\"wp-block-gallery has-nested-images columns-2 is-cropped wp-block-gallery-21 is-layout-flex wp-block-gallery-is-layout-flex\">\n<figure class=\"wp-block-image size-full\"><img loading=\"lazy\" decoding=\"async\" width=\"1698\" height=\"1400\" data-id=\"617\" src=\"https:\/\/theatre-des-loges.fr\/wp-content\/uploads\/2026\/01\/image16.jpeg\" alt=\"\" class=\"wp-image-617\" srcset=\"https:\/\/theatre-des-loges.fr\/wp-content\/uploads\/2026\/01\/image16.jpeg 1698w, https:\/\/theatre-des-loges.fr\/wp-content\/uploads\/2026\/01\/image16-300x247.jpeg 300w, https:\/\/theatre-des-loges.fr\/wp-content\/uploads\/2026\/01\/image16-1024x844.jpeg 1024w, https:\/\/theatre-des-loges.fr\/wp-content\/uploads\/2026\/01\/image16-768x633.jpeg 768w, https:\/\/theatre-des-loges.fr\/wp-content\/uploads\/2026\/01\/image16-1536x1266.jpeg 1536w\" sizes=\"auto, (max-width: 1698px) 100vw, 1698px\" \/><\/figure>\n\n\n\n<figure class=\"wp-block-image size-full\"><img loading=\"lazy\" decoding=\"async\" width=\"1696\" height=\"1129\" data-id=\"608\" src=\"https:\/\/theatre-des-loges.fr\/wp-content\/uploads\/2026\/01\/image17.jpeg\" alt=\"\" class=\"wp-image-608\" srcset=\"https:\/\/theatre-des-loges.fr\/wp-content\/uploads\/2026\/01\/image17.jpeg 1696w, https:\/\/theatre-des-loges.fr\/wp-content\/uploads\/2026\/01\/image17-300x200.jpeg 300w, https:\/\/theatre-des-loges.fr\/wp-content\/uploads\/2026\/01\/image17-1024x682.jpeg 1024w, https:\/\/theatre-des-loges.fr\/wp-content\/uploads\/2026\/01\/image17-768x511.jpeg 768w, https:\/\/theatre-des-loges.fr\/wp-content\/uploads\/2026\/01\/image17-1536x1022.jpeg 1536w\" sizes=\"auto, (max-width: 1696px) 100vw, 1696px\" \/><\/figure>\n\n\n\n<figure class=\"wp-block-image size-full\"><img loading=\"lazy\" decoding=\"async\" width=\"1615\" height=\"1075\" data-id=\"615\" src=\"https:\/\/theatre-des-loges.fr\/wp-content\/uploads\/2026\/01\/image18.jpeg\" alt=\"\" class=\"wp-image-615\" srcset=\"https:\/\/theatre-des-loges.fr\/wp-content\/uploads\/2026\/01\/image18.jpeg 1615w, https:\/\/theatre-des-loges.fr\/wp-content\/uploads\/2026\/01\/image18-300x200.jpeg 300w, https:\/\/theatre-des-loges.fr\/wp-content\/uploads\/2026\/01\/image18-1024x682.jpeg 1024w, https:\/\/theatre-des-loges.fr\/wp-content\/uploads\/2026\/01\/image18-768x511.jpeg 768w, https:\/\/theatre-des-loges.fr\/wp-content\/uploads\/2026\/01\/image18-1536x1022.jpeg 1536w\" sizes=\"auto, (max-width: 1615px) 100vw, 1615px\" \/><\/figure>\n\n\n\n<figure class=\"wp-block-image size-full\"><img loading=\"lazy\" decoding=\"async\" width=\"1688\" height=\"1119\" data-id=\"607\" src=\"https:\/\/theatre-des-loges.fr\/wp-content\/uploads\/2026\/01\/image19.jpeg\" alt=\"\" class=\"wp-image-607\" srcset=\"https:\/\/theatre-des-loges.fr\/wp-content\/uploads\/2026\/01\/image19.jpeg 1688w, https:\/\/theatre-des-loges.fr\/wp-content\/uploads\/2026\/01\/image19-300x199.jpeg 300w, https:\/\/theatre-des-loges.fr\/wp-content\/uploads\/2026\/01\/image19-1024x679.jpeg 1024w, https:\/\/theatre-des-loges.fr\/wp-content\/uploads\/2026\/01\/image19-768x509.jpeg 768w, https:\/\/theatre-des-loges.fr\/wp-content\/uploads\/2026\/01\/image19-1536x1018.jpeg 1536w\" sizes=\"auto, (max-width: 1688px) 100vw, 1688px\" \/><\/figure>\n\n\n\n<figure class=\"wp-block-image size-full\"><img loading=\"lazy\" decoding=\"async\" width=\"1696\" height=\"1129\" data-id=\"609\" src=\"https:\/\/theatre-des-loges.fr\/wp-content\/uploads\/2026\/01\/image20.jpeg\" alt=\"\" class=\"wp-image-609\" srcset=\"https:\/\/theatre-des-loges.fr\/wp-content\/uploads\/2026\/01\/image20.jpeg 1696w, https:\/\/theatre-des-loges.fr\/wp-content\/uploads\/2026\/01\/image20-300x200.jpeg 300w, https:\/\/theatre-des-loges.fr\/wp-content\/uploads\/2026\/01\/image20-1024x682.jpeg 1024w, https:\/\/theatre-des-loges.fr\/wp-content\/uploads\/2026\/01\/image20-768x511.jpeg 768w, https:\/\/theatre-des-loges.fr\/wp-content\/uploads\/2026\/01\/image20-1536x1022.jpeg 1536w\" sizes=\"auto, (max-width: 1696px) 100vw, 1696px\" \/><\/figure>\n\n\n\n<figure class=\"wp-block-image size-full\"><img loading=\"lazy\" decoding=\"async\" width=\"1313\" height=\"1180\" data-id=\"613\" src=\"https:\/\/theatre-des-loges.fr\/wp-content\/uploads\/2026\/01\/image21.jpeg\" alt=\"\" class=\"wp-image-613\" srcset=\"https:\/\/theatre-des-loges.fr\/wp-content\/uploads\/2026\/01\/image21.jpeg 1313w, https:\/\/theatre-des-loges.fr\/wp-content\/uploads\/2026\/01\/image21-300x270.jpeg 300w, https:\/\/theatre-des-loges.fr\/wp-content\/uploads\/2026\/01\/image21-1024x920.jpeg 1024w, https:\/\/theatre-des-loges.fr\/wp-content\/uploads\/2026\/01\/image21-768x690.jpeg 768w\" sizes=\"auto, (max-width: 1313px) 100vw, 1313px\" \/><\/figure>\n\n\n\n<figure class=\"wp-block-image size-full\"><img loading=\"lazy\" decoding=\"async\" width=\"1331\" height=\"2044\" data-id=\"616\" src=\"https:\/\/theatre-des-loges.fr\/wp-content\/uploads\/2026\/01\/image23.jpeg\" alt=\"\" class=\"wp-image-616\" srcset=\"https:\/\/theatre-des-loges.fr\/wp-content\/uploads\/2026\/01\/image23.jpeg 1331w, https:\/\/theatre-des-loges.fr\/wp-content\/uploads\/2026\/01\/image23-195x300.jpeg 195w, https:\/\/theatre-des-loges.fr\/wp-content\/uploads\/2026\/01\/image23-667x1024.jpeg 667w, https:\/\/theatre-des-loges.fr\/wp-content\/uploads\/2026\/01\/image23-768x1179.jpeg 768w, https:\/\/theatre-des-loges.fr\/wp-content\/uploads\/2026\/01\/image23-1000x1536.jpeg 1000w\" sizes=\"auto, (max-width: 1331px) 100vw, 1331px\" \/><\/figure>\n\n\n\n<figure class=\"wp-block-image size-full\"><img loading=\"lazy\" decoding=\"async\" width=\"961\" height=\"1454\" data-id=\"610\" src=\"https:\/\/theatre-des-loges.fr\/wp-content\/uploads\/2026\/01\/image24.jpeg\" alt=\"\" class=\"wp-image-610\" srcset=\"https:\/\/theatre-des-loges.fr\/wp-content\/uploads\/2026\/01\/image24.jpeg 961w, https:\/\/theatre-des-loges.fr\/wp-content\/uploads\/2026\/01\/image24-198x300.jpeg 198w, https:\/\/theatre-des-loges.fr\/wp-content\/uploads\/2026\/01\/image24-677x1024.jpeg 677w, https:\/\/theatre-des-loges.fr\/wp-content\/uploads\/2026\/01\/image24-768x1162.jpeg 768w\" sizes=\"auto, (max-width: 961px) 100vw, 961px\" \/><\/figure>\n\n\n\n<figure class=\"wp-block-image size-full\"><img loading=\"lazy\" decoding=\"async\" width=\"1696\" height=\"1129\" data-id=\"612\" src=\"https:\/\/theatre-des-loges.fr\/wp-content\/uploads\/2026\/01\/image25.jpeg\" alt=\"\" class=\"wp-image-612\" srcset=\"https:\/\/theatre-des-loges.fr\/wp-content\/uploads\/2026\/01\/image25.jpeg 1696w, https:\/\/theatre-des-loges.fr\/wp-content\/uploads\/2026\/01\/image25-300x200.jpeg 300w, https:\/\/theatre-des-loges.fr\/wp-content\/uploads\/2026\/01\/image25-1024x682.jpeg 1024w, https:\/\/theatre-des-loges.fr\/wp-content\/uploads\/2026\/01\/image25-768x511.jpeg 768w, https:\/\/theatre-des-loges.fr\/wp-content\/uploads\/2026\/01\/image25-1536x1022.jpeg 1536w\" sizes=\"auto, (max-width: 1696px) 100vw, 1696px\" \/><\/figure>\n\n\n\n<figure class=\"wp-block-image size-full\"><img loading=\"lazy\" decoding=\"async\" width=\"1535\" height=\"1022\" data-id=\"614\" src=\"https:\/\/theatre-des-loges.fr\/wp-content\/uploads\/2026\/01\/image26.jpeg\" alt=\"\" class=\"wp-image-614\" srcset=\"https:\/\/theatre-des-loges.fr\/wp-content\/uploads\/2026\/01\/image26.jpeg 1535w, https:\/\/theatre-des-loges.fr\/wp-content\/uploads\/2026\/01\/image26-300x200.jpeg 300w, https:\/\/theatre-des-loges.fr\/wp-content\/uploads\/2026\/01\/image26-1024x682.jpeg 1024w, https:\/\/theatre-des-loges.fr\/wp-content\/uploads\/2026\/01\/image26-768x511.jpeg 768w\" sizes=\"auto, (max-width: 1535px) 100vw, 1535px\" \/><\/figure>\n\n\n\n<figure class=\"wp-block-image size-full\"><img loading=\"lazy\" decoding=\"async\" width=\"1574\" height=\"1044\" data-id=\"619\" src=\"https:\/\/theatre-des-loges.fr\/wp-content\/uploads\/2026\/01\/image27.jpeg\" alt=\"\" class=\"wp-image-619\" srcset=\"https:\/\/theatre-des-loges.fr\/wp-content\/uploads\/2026\/01\/image27.jpeg 1574w, https:\/\/theatre-des-loges.fr\/wp-content\/uploads\/2026\/01\/image27-300x199.jpeg 300w, https:\/\/theatre-des-loges.fr\/wp-content\/uploads\/2026\/01\/image27-1024x679.jpeg 1024w, https:\/\/theatre-des-loges.fr\/wp-content\/uploads\/2026\/01\/image27-768x509.jpeg 768w, https:\/\/theatre-des-loges.fr\/wp-content\/uploads\/2026\/01\/image27-1536x1019.jpeg 1536w\" sizes=\"auto, (max-width: 1574px) 100vw, 1574px\" \/><\/figure>\n\n\n\n<figure class=\"wp-block-image size-full\"><img loading=\"lazy\" decoding=\"async\" width=\"1696\" height=\"1129\" data-id=\"618\" src=\"https:\/\/theatre-des-loges.fr\/wp-content\/uploads\/2026\/01\/image28.jpeg\" alt=\"\" class=\"wp-image-618\" srcset=\"https:\/\/theatre-des-loges.fr\/wp-content\/uploads\/2026\/01\/image28.jpeg 1696w, https:\/\/theatre-des-loges.fr\/wp-content\/uploads\/2026\/01\/image28-300x200.jpeg 300w, https:\/\/theatre-des-loges.fr\/wp-content\/uploads\/2026\/01\/image28-1024x682.jpeg 1024w, https:\/\/theatre-des-loges.fr\/wp-content\/uploads\/2026\/01\/image28-768x511.jpeg 768w, https:\/\/theatre-des-loges.fr\/wp-content\/uploads\/2026\/01\/image28-1536x1022.jpeg 1536w\" sizes=\"auto, (max-width: 1696px) 100vw, 1696px\" \/><\/figure>\n\n\n\n<figure class=\"wp-block-image size-full\"><img loading=\"lazy\" decoding=\"async\" width=\"1696\" height=\"1129\" data-id=\"606\" src=\"https:\/\/theatre-des-loges.fr\/wp-content\/uploads\/2026\/01\/image29.jpeg\" alt=\"\" class=\"wp-image-606\" srcset=\"https:\/\/theatre-des-loges.fr\/wp-content\/uploads\/2026\/01\/image29.jpeg 1696w, https:\/\/theatre-des-loges.fr\/wp-content\/uploads\/2026\/01\/image29-300x200.jpeg 300w, https:\/\/theatre-des-loges.fr\/wp-content\/uploads\/2026\/01\/image29-1024x682.jpeg 1024w, https:\/\/theatre-des-loges.fr\/wp-content\/uploads\/2026\/01\/image29-768x511.jpeg 768w, https:\/\/theatre-des-loges.fr\/wp-content\/uploads\/2026\/01\/image29-1536x1022.jpeg 1536w\" sizes=\"auto, (max-width: 1696px) 100vw, 1696px\" \/><\/figure>\n<figcaption class=\"blocks-gallery-caption wp-element-caption\"><strong>Spectacle XXI<br><em>L\u2019Avare <\/em>de Moli\u00e8re.<\/strong><br><strong>Cr\u00e9ation au Th\u00e9\u00e2tre des Loges, Pantin (2012\/2013)<\/strong><\/figcaption><\/figure>\n<\/div>\n<\/div>\n\n\n\n<div style=\"height:60px\" aria-hidden=\"true\" class=\"wp-block-spacer\"><\/div>\n\n\n\n<div class=\"wp-block-columns is-layout-flex wp-container-core-columns-is-layout-28f84493 wp-block-columns-is-layout-flex\" id=\"le-revizor\">\n<div class=\"wp-block-column is-layout-flow wp-block-column-is-layout-flow\" style=\"padding-top:0;padding-right:0;padding-bottom:0;padding-left:0;flex-basis:100%\">\n<figure class=\"wp-block-gallery has-nested-images columns-2 is-cropped wp-block-gallery-22 is-layout-flex wp-block-gallery-is-layout-flex\">\n<figure class=\"wp-block-image size-full\"><img loading=\"lazy\" decoding=\"async\" width=\"1427\" height=\"2141\" data-id=\"621\" src=\"https:\/\/theatre-des-loges.fr\/wp-content\/uploads\/2026\/01\/image30.jpeg\" alt=\"\" class=\"wp-image-621\" srcset=\"https:\/\/theatre-des-loges.fr\/wp-content\/uploads\/2026\/01\/image30.jpeg 1427w, https:\/\/theatre-des-loges.fr\/wp-content\/uploads\/2026\/01\/image30-200x300.jpeg 200w, https:\/\/theatre-des-loges.fr\/wp-content\/uploads\/2026\/01\/image30-683x1024.jpeg 683w, https:\/\/theatre-des-loges.fr\/wp-content\/uploads\/2026\/01\/image30-768x1152.jpeg 768w, https:\/\/theatre-des-loges.fr\/wp-content\/uploads\/2026\/01\/image30-1024x1536.jpeg 1024w, https:\/\/theatre-des-loges.fr\/wp-content\/uploads\/2026\/01\/image30-1365x2048.jpeg 1365w\" sizes=\"auto, (max-width: 1427px) 100vw, 1427px\" \/><\/figure>\n\n\n\n<figure class=\"wp-block-image size-full\"><img loading=\"lazy\" decoding=\"async\" width=\"1556\" height=\"1037\" data-id=\"622\" src=\"https:\/\/theatre-des-loges.fr\/wp-content\/uploads\/2026\/01\/image31.jpeg\" alt=\"\" class=\"wp-image-622\" srcset=\"https:\/\/theatre-des-loges.fr\/wp-content\/uploads\/2026\/01\/image31.jpeg 1556w, https:\/\/theatre-des-loges.fr\/wp-content\/uploads\/2026\/01\/image31-300x200.jpeg 300w, https:\/\/theatre-des-loges.fr\/wp-content\/uploads\/2026\/01\/image31-1024x682.jpeg 1024w, https:\/\/theatre-des-loges.fr\/wp-content\/uploads\/2026\/01\/image31-768x512.jpeg 768w, https:\/\/theatre-des-loges.fr\/wp-content\/uploads\/2026\/01\/image31-1536x1024.jpeg 1536w\" sizes=\"auto, (max-width: 1556px) 100vw, 1556px\" \/><\/figure>\n\n\n\n<figure class=\"wp-block-image size-full\"><img loading=\"lazy\" decoding=\"async\" width=\"686\" height=\"592\" data-id=\"620\" src=\"https:\/\/theatre-des-loges.fr\/wp-content\/uploads\/2026\/01\/image32.jpeg\" alt=\"\" class=\"wp-image-620\" srcset=\"https:\/\/theatre-des-loges.fr\/wp-content\/uploads\/2026\/01\/image32.jpeg 686w, https:\/\/theatre-des-loges.fr\/wp-content\/uploads\/2026\/01\/image32-300x259.jpeg 300w\" sizes=\"auto, (max-width: 686px) 100vw, 686px\" \/><\/figure>\n<figcaption class=\"blocks-gallery-caption wp-element-caption\"><strong>Spectacle XXII<br><em>Le R\u00e9vizor<\/em> de Nicola\u00ef Gogol.<\/strong><br><strong>Cr\u00e9ation au Th\u00e9\u00e2tre des Loges, Pantin (2014\/2015)<\/strong><\/figcaption><\/figure>\n<\/div>\n<\/div>\n\n\n\n<div style=\"height:60px\" aria-hidden=\"true\" class=\"wp-block-spacer\"><\/div>\n\n\n\n<div class=\"wp-block-columns is-layout-flex wp-container-core-columns-is-layout-28f84493 wp-block-columns-is-layout-flex\" id=\"les-precieuses-ridicules\">\n<div class=\"wp-block-column is-layout-flow wp-block-column-is-layout-flow\" style=\"padding-top:0;padding-right:0;padding-bottom:0;padding-left:0;flex-basis:100%\">\n<figure class=\"wp-block-gallery has-nested-images columns-2 is-cropped wp-block-gallery-23 is-layout-flex wp-block-gallery-is-layout-flex\">\n<figure class=\"wp-block-image size-full\"><img loading=\"lazy\" decoding=\"async\" width=\"1699\" height=\"2265\" data-id=\"625\" src=\"https:\/\/theatre-des-loges.fr\/wp-content\/uploads\/2026\/01\/image37.jpeg\" alt=\"\" class=\"wp-image-625\" srcset=\"https:\/\/theatre-des-loges.fr\/wp-content\/uploads\/2026\/01\/image37.jpeg 1699w, https:\/\/theatre-des-loges.fr\/wp-content\/uploads\/2026\/01\/image37-225x300.jpeg 225w, https:\/\/theatre-des-loges.fr\/wp-content\/uploads\/2026\/01\/image37-768x1024.jpeg 768w, https:\/\/theatre-des-loges.fr\/wp-content\/uploads\/2026\/01\/image37-1152x1536.jpeg 1152w, https:\/\/theatre-des-loges.fr\/wp-content\/uploads\/2026\/01\/image37-1536x2048.jpeg 1536w\" sizes=\"auto, (max-width: 1699px) 100vw, 1699px\" \/><\/figure>\n\n\n\n<figure class=\"wp-block-image size-full\"><img loading=\"lazy\" decoding=\"async\" width=\"1699\" height=\"2044\" data-id=\"627\" src=\"https:\/\/theatre-des-loges.fr\/wp-content\/uploads\/2026\/01\/image33.jpeg\" alt=\"\" class=\"wp-image-627\" srcset=\"https:\/\/theatre-des-loges.fr\/wp-content\/uploads\/2026\/01\/image33.jpeg 1699w, https:\/\/theatre-des-loges.fr\/wp-content\/uploads\/2026\/01\/image33-249x300.jpeg 249w, https:\/\/theatre-des-loges.fr\/wp-content\/uploads\/2026\/01\/image33-851x1024.jpeg 851w, https:\/\/theatre-des-loges.fr\/wp-content\/uploads\/2026\/01\/image33-768x924.jpeg 768w, https:\/\/theatre-des-loges.fr\/wp-content\/uploads\/2026\/01\/image33-1277x1536.jpeg 1277w\" sizes=\"auto, (max-width: 1699px) 100vw, 1699px\" \/><\/figure>\n\n\n\n<figure class=\"wp-block-image size-full\"><img loading=\"lazy\" decoding=\"async\" width=\"1697\" height=\"1281\" data-id=\"623\" src=\"https:\/\/theatre-des-loges.fr\/wp-content\/uploads\/2026\/01\/image34.jpeg\" alt=\"\" class=\"wp-image-623\" srcset=\"https:\/\/theatre-des-loges.fr\/wp-content\/uploads\/2026\/01\/image34.jpeg 1697w, https:\/\/theatre-des-loges.fr\/wp-content\/uploads\/2026\/01\/image34-300x226.jpeg 300w, https:\/\/theatre-des-loges.fr\/wp-content\/uploads\/2026\/01\/image34-1024x773.jpeg 1024w, https:\/\/theatre-des-loges.fr\/wp-content\/uploads\/2026\/01\/image34-768x580.jpeg 768w, https:\/\/theatre-des-loges.fr\/wp-content\/uploads\/2026\/01\/image34-1536x1159.jpeg 1536w\" sizes=\"auto, (max-width: 1697px) 100vw, 1697px\" \/><\/figure>\n\n\n\n<figure class=\"wp-block-image size-full\"><img loading=\"lazy\" decoding=\"async\" width=\"1696\" height=\"1129\" data-id=\"626\" src=\"https:\/\/theatre-des-loges.fr\/wp-content\/uploads\/2026\/01\/image35.jpeg\" alt=\"\" class=\"wp-image-626\" srcset=\"https:\/\/theatre-des-loges.fr\/wp-content\/uploads\/2026\/01\/image35.jpeg 1696w, https:\/\/theatre-des-loges.fr\/wp-content\/uploads\/2026\/01\/image35-300x200.jpeg 300w, https:\/\/theatre-des-loges.fr\/wp-content\/uploads\/2026\/01\/image35-1024x682.jpeg 1024w, https:\/\/theatre-des-loges.fr\/wp-content\/uploads\/2026\/01\/image35-768x511.jpeg 768w, https:\/\/theatre-des-loges.fr\/wp-content\/uploads\/2026\/01\/image35-1536x1022.jpeg 1536w\" sizes=\"auto, (max-width: 1696px) 100vw, 1696px\" \/><\/figure>\n\n\n\n<figure class=\"wp-block-image size-full\"><img loading=\"lazy\" decoding=\"async\" width=\"1698\" height=\"1468\" data-id=\"624\" src=\"https:\/\/theatre-des-loges.fr\/wp-content\/uploads\/2026\/01\/image36.jpeg\" alt=\"\" class=\"wp-image-624\" srcset=\"https:\/\/theatre-des-loges.fr\/wp-content\/uploads\/2026\/01\/image36.jpeg 1698w, https:\/\/theatre-des-loges.fr\/wp-content\/uploads\/2026\/01\/image36-300x259.jpeg 300w, https:\/\/theatre-des-loges.fr\/wp-content\/uploads\/2026\/01\/image36-1024x885.jpeg 1024w, https:\/\/theatre-des-loges.fr\/wp-content\/uploads\/2026\/01\/image36-768x664.jpeg 768w, https:\/\/theatre-des-loges.fr\/wp-content\/uploads\/2026\/01\/image36-1536x1328.jpeg 1536w\" sizes=\"auto, (max-width: 1698px) 100vw, 1698px\" \/><\/figure>\n<figcaption class=\"blocks-gallery-caption wp-element-caption\"><strong>Spectacle XXIII<br><em>Les Pr\u00e9cieuses ridicules<\/em> de Moli\u00e8re.<\/strong><br><strong>Cr\u00e9ation au Th\u00e9\u00e2tre des Loges, Pantin (2016\/2017)<\/strong><\/figcaption><\/figure>\n<\/div>\n<\/div>\n\n\n\n<div style=\"height:60px\" aria-hidden=\"true\" class=\"wp-block-spacer\"><\/div>\n\n\n\n<div class=\"wp-block-columns is-layout-flex wp-container-core-columns-is-layout-28f84493 wp-block-columns-is-layout-flex\" id=\"la-tempete\">\n<div class=\"wp-block-column is-layout-flow wp-block-column-is-layout-flow\" style=\"padding-top:0;padding-right:0;padding-bottom:0;padding-left:0;flex-basis:100%\">\n<figure class=\"wp-block-gallery has-nested-images columns-2 is-cropped wp-block-gallery-24 is-layout-flex wp-block-gallery-is-layout-flex\">\n<figure class=\"wp-block-image size-full\"><img loading=\"lazy\" decoding=\"async\" width=\"1117\" height=\"745\" data-id=\"628\" src=\"https:\/\/theatre-des-loges.fr\/wp-content\/uploads\/2026\/01\/image40.jpeg\" alt=\"\" class=\"wp-image-628\" srcset=\"https:\/\/theatre-des-loges.fr\/wp-content\/uploads\/2026\/01\/image40.jpeg 1117w, https:\/\/theatre-des-loges.fr\/wp-content\/uploads\/2026\/01\/image40-300x200.jpeg 300w, https:\/\/theatre-des-loges.fr\/wp-content\/uploads\/2026\/01\/image40-1024x683.jpeg 1024w, https:\/\/theatre-des-loges.fr\/wp-content\/uploads\/2026\/01\/image40-768x512.jpeg 768w\" sizes=\"auto, (max-width: 1117px) 100vw, 1117px\" \/><\/figure>\n\n\n\n<figure class=\"wp-block-image size-full\"><img loading=\"lazy\" decoding=\"async\" width=\"1117\" height=\"745\" data-id=\"629\" src=\"https:\/\/theatre-des-loges.fr\/wp-content\/uploads\/2026\/01\/image38.jpeg\" alt=\"\" class=\"wp-image-629\" srcset=\"https:\/\/theatre-des-loges.fr\/wp-content\/uploads\/2026\/01\/image38.jpeg 1117w, https:\/\/theatre-des-loges.fr\/wp-content\/uploads\/2026\/01\/image38-300x200.jpeg 300w, https:\/\/theatre-des-loges.fr\/wp-content\/uploads\/2026\/01\/image38-1024x683.jpeg 1024w, https:\/\/theatre-des-loges.fr\/wp-content\/uploads\/2026\/01\/image38-768x512.jpeg 768w\" sizes=\"auto, (max-width: 1117px) 100vw, 1117px\" \/><\/figure>\n\n\n\n<figure class=\"wp-block-image size-full\"><img loading=\"lazy\" decoding=\"async\" width=\"1117\" height=\"745\" data-id=\"630\" src=\"https:\/\/theatre-des-loges.fr\/wp-content\/uploads\/2026\/01\/image39.jpeg\" alt=\"\" class=\"wp-image-630\" srcset=\"https:\/\/theatre-des-loges.fr\/wp-content\/uploads\/2026\/01\/image39.jpeg 1117w, https:\/\/theatre-des-loges.fr\/wp-content\/uploads\/2026\/01\/image39-300x200.jpeg 300w, https:\/\/theatre-des-loges.fr\/wp-content\/uploads\/2026\/01\/image39-1024x683.jpeg 1024w, https:\/\/theatre-des-loges.fr\/wp-content\/uploads\/2026\/01\/image39-768x512.jpeg 768w\" sizes=\"auto, (max-width: 1117px) 100vw, 1117px\" \/><\/figure>\n<figcaption class=\"blocks-gallery-caption wp-element-caption\"><strong>Spectacle XXIV<br><em>La Temp\u00eate<\/em> de William Shakespeare.<br>Cr\u00e9ation au Th\u00e9\u00e2tre des Loges, Pantin (2018\/2019)<\/strong><\/figcaption><\/figure>\n<\/div>\n<\/div>\n\n\n\n<div style=\"height:60px\" aria-hidden=\"true\" class=\"wp-block-spacer\"><\/div>\n\n\n\n<div class=\"wp-block-columns is-layout-flex wp-container-core-columns-is-layout-28f84493 wp-block-columns-is-layout-flex\" id=\"turcaret\">\n<div class=\"wp-block-column is-layout-flow wp-block-column-is-layout-flow\" style=\"padding-top:0;padding-right:0;padding-bottom:0;padding-left:0;flex-basis:100%\">\n<figure class=\"wp-block-gallery has-nested-images columns-2 is-cropped wp-block-gallery-25 is-layout-flex wp-block-gallery-is-layout-flex\">\n<figure class=\"wp-block-image size-full\"><img loading=\"lazy\" decoding=\"async\" width=\"1477\" height=\"985\" data-id=\"631\" src=\"https:\/\/theatre-des-loges.fr\/wp-content\/uploads\/2026\/01\/image47.jpeg\" alt=\"\" class=\"wp-image-631\" srcset=\"https:\/\/theatre-des-loges.fr\/wp-content\/uploads\/2026\/01\/image47.jpeg 1477w, https:\/\/theatre-des-loges.fr\/wp-content\/uploads\/2026\/01\/image47-300x200.jpeg 300w, https:\/\/theatre-des-loges.fr\/wp-content\/uploads\/2026\/01\/image47-1024x683.jpeg 1024w, https:\/\/theatre-des-loges.fr\/wp-content\/uploads\/2026\/01\/image47-768x512.jpeg 768w\" sizes=\"auto, (max-width: 1477px) 100vw, 1477px\" \/><\/figure>\n\n\n\n<figure class=\"wp-block-image size-full\"><img loading=\"lazy\" decoding=\"async\" width=\"1460\" height=\"1064\" data-id=\"636\" src=\"https:\/\/theatre-des-loges.fr\/wp-content\/uploads\/2026\/01\/image41.jpeg\" alt=\"\" class=\"wp-image-636\" srcset=\"https:\/\/theatre-des-loges.fr\/wp-content\/uploads\/2026\/01\/image41.jpeg 1460w, https:\/\/theatre-des-loges.fr\/wp-content\/uploads\/2026\/01\/image41-300x219.jpeg 300w, https:\/\/theatre-des-loges.fr\/wp-content\/uploads\/2026\/01\/image41-1024x746.jpeg 1024w, https:\/\/theatre-des-loges.fr\/wp-content\/uploads\/2026\/01\/image41-768x560.jpeg 768w\" sizes=\"auto, (max-width: 1460px) 100vw, 1460px\" \/><\/figure>\n\n\n\n<figure class=\"wp-block-image size-full\"><img loading=\"lazy\" decoding=\"async\" width=\"831\" height=\"1246\" data-id=\"635\" src=\"https:\/\/theatre-des-loges.fr\/wp-content\/uploads\/2026\/01\/image42.jpeg\" alt=\"\" class=\"wp-image-635\" srcset=\"https:\/\/theatre-des-loges.fr\/wp-content\/uploads\/2026\/01\/image42.jpeg 831w, https:\/\/theatre-des-loges.fr\/wp-content\/uploads\/2026\/01\/image42-200x300.jpeg 200w, https:\/\/theatre-des-loges.fr\/wp-content\/uploads\/2026\/01\/image42-683x1024.jpeg 683w, https:\/\/theatre-des-loges.fr\/wp-content\/uploads\/2026\/01\/image42-768x1152.jpeg 768w\" sizes=\"auto, (max-width: 831px) 100vw, 831px\" \/><\/figure>\n\n\n\n<figure class=\"wp-block-image size-full\"><img loading=\"lazy\" decoding=\"async\" width=\"791\" height=\"1250\" data-id=\"634\" src=\"https:\/\/theatre-des-loges.fr\/wp-content\/uploads\/2026\/01\/image43.jpeg\" alt=\"\" class=\"wp-image-634\" srcset=\"https:\/\/theatre-des-loges.fr\/wp-content\/uploads\/2026\/01\/image43.jpeg 791w, https:\/\/theatre-des-loges.fr\/wp-content\/uploads\/2026\/01\/image43-190x300.jpeg 190w, https:\/\/theatre-des-loges.fr\/wp-content\/uploads\/2026\/01\/image43-648x1024.jpeg 648w, https:\/\/theatre-des-loges.fr\/wp-content\/uploads\/2026\/01\/image43-768x1214.jpeg 768w\" sizes=\"auto, (max-width: 791px) 100vw, 791px\" \/><\/figure>\n\n\n\n<figure class=\"wp-block-image size-full\"><img loading=\"lazy\" decoding=\"async\" width=\"1426\" height=\"951\" data-id=\"637\" src=\"https:\/\/theatre-des-loges.fr\/wp-content\/uploads\/2026\/01\/image44.jpeg\" alt=\"\" class=\"wp-image-637\" srcset=\"https:\/\/theatre-des-loges.fr\/wp-content\/uploads\/2026\/01\/image44.jpeg 1426w, https:\/\/theatre-des-loges.fr\/wp-content\/uploads\/2026\/01\/image44-300x200.jpeg 300w, https:\/\/theatre-des-loges.fr\/wp-content\/uploads\/2026\/01\/image44-1024x683.jpeg 1024w, https:\/\/theatre-des-loges.fr\/wp-content\/uploads\/2026\/01\/image44-768x512.jpeg 768w\" sizes=\"auto, (max-width: 1426px) 100vw, 1426px\" \/><\/figure>\n\n\n\n<figure class=\"wp-block-image size-full\"><img loading=\"lazy\" decoding=\"async\" width=\"479\" height=\"778\" data-id=\"633\" src=\"https:\/\/theatre-des-loges.fr\/wp-content\/uploads\/2026\/01\/image45.jpeg\" alt=\"\" class=\"wp-image-633\" srcset=\"https:\/\/theatre-des-loges.fr\/wp-content\/uploads\/2026\/01\/image45.jpeg 479w, https:\/\/theatre-des-loges.fr\/wp-content\/uploads\/2026\/01\/image45-185x300.jpeg 185w\" sizes=\"auto, (max-width: 479px) 100vw, 479px\" \/><\/figure>\n<figcaption class=\"blocks-gallery-caption wp-element-caption\"><strong>Spectacle XXV<br><em>Turcaret <\/em>ou <em>le Financier<\/em> d\u2019Alain-Ren\u00e9 Lesage.<\/strong><br><strong>Cr\u00e9ation au Th\u00e9\u00e2tre des Loges, Pantin (2020\/2021)<\/strong><\/figcaption><\/figure>\n<\/div>\n<\/div>\n\n\n\n<div style=\"height:60px\" aria-hidden=\"true\" class=\"wp-block-spacer\"><\/div>\n\n\n\n<div class=\"wp-block-columns is-layout-flex wp-container-core-columns-is-layout-28f84493 wp-block-columns-is-layout-flex\" id=\"la-mouette\">\n<div class=\"wp-block-column is-layout-flow wp-block-column-is-layout-flow\" style=\"padding-top:0;padding-right:0;padding-bottom:0;padding-left:0;flex-basis:100%\">\n<figure class=\"wp-block-gallery has-nested-images columns-2 is-cropped wp-block-gallery-26 is-layout-flex wp-block-gallery-is-layout-flex\">\n<figure class=\"wp-block-image size-full\"><img loading=\"lazy\" decoding=\"async\" width=\"1513\" height=\"1200\" data-id=\"645\" src=\"https:\/\/theatre-des-loges.fr\/wp-content\/uploads\/2026\/01\/image48-1.jpeg\" alt=\"\" class=\"wp-image-645\" srcset=\"https:\/\/theatre-des-loges.fr\/wp-content\/uploads\/2026\/01\/image48-1.jpeg 1513w, https:\/\/theatre-des-loges.fr\/wp-content\/uploads\/2026\/01\/image48-1-300x238.jpeg 300w, https:\/\/theatre-des-loges.fr\/wp-content\/uploads\/2026\/01\/image48-1-1024x812.jpeg 1024w, https:\/\/theatre-des-loges.fr\/wp-content\/uploads\/2026\/01\/image48-1-768x609.jpeg 768w\" sizes=\"auto, (max-width: 1513px) 100vw, 1513px\" \/><\/figure>\n\n\n\n<figure class=\"wp-block-image size-full\"><img loading=\"lazy\" decoding=\"async\" width=\"1212\" height=\"704\" data-id=\"653\" src=\"https:\/\/theatre-des-loges.fr\/wp-content\/uploads\/2026\/01\/image49-1-edited.png\" alt=\"\" class=\"wp-image-653\" srcset=\"https:\/\/theatre-des-loges.fr\/wp-content\/uploads\/2026\/01\/image49-1-edited.png 1212w, https:\/\/theatre-des-loges.fr\/wp-content\/uploads\/2026\/01\/image49-1-edited-300x174.png 300w, https:\/\/theatre-des-loges.fr\/wp-content\/uploads\/2026\/01\/image49-1-edited-1024x595.png 1024w, https:\/\/theatre-des-loges.fr\/wp-content\/uploads\/2026\/01\/image49-1-edited-768x446.png 768w\" sizes=\"auto, (max-width: 1212px) 100vw, 1212px\" \/><\/figure>\n\n\n\n<figure class=\"wp-block-image size-full\"><img loading=\"lazy\" decoding=\"async\" width=\"764\" height=\"1699\" data-id=\"650\" src=\"https:\/\/theatre-des-loges.fr\/wp-content\/uploads\/2026\/01\/image51-1-edited.jpeg\" alt=\"\" class=\"wp-image-650\" srcset=\"https:\/\/theatre-des-loges.fr\/wp-content\/uploads\/2026\/01\/image51-1-edited.jpeg 764w, https:\/\/theatre-des-loges.fr\/wp-content\/uploads\/2026\/01\/image51-1-edited-135x300.jpeg 135w, https:\/\/theatre-des-loges.fr\/wp-content\/uploads\/2026\/01\/image51-1-edited-460x1024.jpeg 460w, https:\/\/theatre-des-loges.fr\/wp-content\/uploads\/2026\/01\/image51-1-edited-691x1536.jpeg 691w\" sizes=\"auto, (max-width: 764px) 100vw, 764px\" \/><\/figure>\n\n\n\n<figure class=\"wp-block-image size-full\"><img loading=\"lazy\" decoding=\"async\" width=\"528\" height=\"1171\" data-id=\"652\" src=\"https:\/\/theatre-des-loges.fr\/wp-content\/uploads\/2026\/01\/image50-1-edited-1.jpeg\" alt=\"\" class=\"wp-image-652\" srcset=\"https:\/\/theatre-des-loges.fr\/wp-content\/uploads\/2026\/01\/image50-1-edited-1.jpeg 528w, https:\/\/theatre-des-loges.fr\/wp-content\/uploads\/2026\/01\/image50-1-edited-1-135x300.jpeg 135w, https:\/\/theatre-des-loges.fr\/wp-content\/uploads\/2026\/01\/image50-1-edited-1-462x1024.jpeg 462w\" sizes=\"auto, (max-width: 528px) 100vw, 528px\" \/><\/figure>\n\n\n\n<figure class=\"wp-block-image size-full\"><img loading=\"lazy\" decoding=\"async\" width=\"1024\" height=\"576\" data-id=\"646\" src=\"https:\/\/theatre-des-loges.fr\/wp-content\/uploads\/2026\/01\/image52-1.jpeg\" alt=\"\" class=\"wp-image-646\" srcset=\"https:\/\/theatre-des-loges.fr\/wp-content\/uploads\/2026\/01\/image52-1.jpeg 1024w, https:\/\/theatre-des-loges.fr\/wp-content\/uploads\/2026\/01\/image52-1-300x169.jpeg 300w, https:\/\/theatre-des-loges.fr\/wp-content\/uploads\/2026\/01\/image52-1-768x432.jpeg 768w\" sizes=\"auto, (max-width: 1024px) 100vw, 1024px\" \/><\/figure>\n<figcaption class=\"blocks-gallery-caption wp-element-caption\"><strong>Spectacle XXVI<br><em>La Mouette <\/em>d\u2019Anton Tchkhov.<\/strong><br><strong>Cr\u00e9ation au Th\u00e9\u00e2tre des Loges, Pantin (2022\/2023)<\/strong><\/figcaption><\/figure>\n<\/div>\n<\/div>\n\n\n\n<div style=\"height:60px\" aria-hidden=\"true\" class=\"wp-block-spacer\"><\/div>\n\n\n\n<div class=\"wp-block-columns is-layout-flex wp-container-core-columns-is-layout-28f84493 wp-block-columns-is-layout-flex\" id=\"la-farce-de-maistre-pierre-pathelin\">\n<div class=\"wp-block-column is-layout-flow wp-block-column-is-layout-flow\" style=\"padding-top:0;padding-right:0;padding-bottom:0;padding-left:0;flex-basis:100%\">\n<figure class=\"wp-block-gallery has-nested-images columns-default is-cropped wp-block-gallery-27 is-layout-flex wp-block-gallery-is-layout-flex\">\n<figure class=\"wp-block-image size-full\"><img loading=\"lazy\" decoding=\"async\" width=\"1707\" height=\"2560\" data-id=\"512\" src=\"https:\/\/theatre-des-loges.fr\/wp-content\/uploads\/2025\/12\/Drappier26-scaled.jpg\" alt=\"\" class=\"wp-image-512\" srcset=\"https:\/\/theatre-des-loges.fr\/wp-content\/uploads\/2025\/12\/Drappier26-scaled.jpg 1707w, https:\/\/theatre-des-loges.fr\/wp-content\/uploads\/2025\/12\/Drappier26-200x300.jpg 200w, https:\/\/theatre-des-loges.fr\/wp-content\/uploads\/2025\/12\/Drappier26-683x1024.jpg 683w, https:\/\/theatre-des-loges.fr\/wp-content\/uploads\/2025\/12\/Drappier26-768x1152.jpg 768w, https:\/\/theatre-des-loges.fr\/wp-content\/uploads\/2025\/12\/Drappier26-1024x1536.jpg 1024w, https:\/\/theatre-des-loges.fr\/wp-content\/uploads\/2025\/12\/Drappier26-1365x2048.jpg 1365w\" sizes=\"auto, (max-width: 1707px) 100vw, 1707px\" \/><\/figure>\n\n\n\n<figure class=\"wp-block-image size-full\"><img loading=\"lazy\" decoding=\"async\" width=\"1707\" height=\"2560\" data-id=\"513\" src=\"https:\/\/theatre-des-loges.fr\/wp-content\/uploads\/2025\/12\/Photo-Pathelin-Fin-shakesperienne-scaled.jpg\" alt=\"\" class=\"wp-image-513\" srcset=\"https:\/\/theatre-des-loges.fr\/wp-content\/uploads\/2025\/12\/Photo-Pathelin-Fin-shakesperienne-scaled.jpg 1707w, https:\/\/theatre-des-loges.fr\/wp-content\/uploads\/2025\/12\/Photo-Pathelin-Fin-shakesperienne-200x300.jpg 200w, https:\/\/theatre-des-loges.fr\/wp-content\/uploads\/2025\/12\/Photo-Pathelin-Fin-shakesperienne-683x1024.jpg 683w, https:\/\/theatre-des-loges.fr\/wp-content\/uploads\/2025\/12\/Photo-Pathelin-Fin-shakesperienne-768x1152.jpg 768w, https:\/\/theatre-des-loges.fr\/wp-content\/uploads\/2025\/12\/Photo-Pathelin-Fin-shakesperienne-1024x1536.jpg 1024w, https:\/\/theatre-des-loges.fr\/wp-content\/uploads\/2025\/12\/Photo-Pathelin-Fin-shakesperienne-1365x2048.jpg 1365w\" sizes=\"auto, (max-width: 1707px) 100vw, 1707px\" \/><\/figure>\n<figcaption class=\"blocks-gallery-caption wp-element-caption\"><strong>Spectacle XXVII<br><em>La farce de Maistre Pierre Pathelin<\/em> (auteur anonyme)<br>(2024-2025)<\/strong><\/figcaption><\/figure>\n<\/div>\n<\/div>\n\n\n\n<div style=\"height:57px\" aria-hidden=\"true\" class=\"wp-block-spacer\"><\/div>\n\n\n\n<script>\ndocument.addEventListener(\"scroll\", function () {\n  const btn = document.querySelector(\".scroll-top\");\n  if (!btn) return;\n\n  if (window.scrollY > 400) {\n    btn.classList.add(\"visible\");\n  } else {\n    btn.classList.remove(\"visible\");\n  }\n});\n<\/script>\n\n\n\n<a href=\"#top\" class=\"scroll-top\" aria-label=\"Retour en haut\">\u2191<\/a>\n","protected":false},"excerpt":{"rendered":"<p>Nos cr\u00e9ations d&rsquo;hier \u00e0 aujourd&rsquo;hui, une ou plusieurs images&#8230; \u2191<\/p>\n","protected":false},"author":1,"featured_media":0,"parent":0,"menu_order":0,"comment_status":"closed","ping_status":"closed","template":"","meta":{"footnotes":""},"class_list":["post-425","page","type-page","status-publish","hentry"],"_links":{"self":[{"href":"https:\/\/theatre-des-loges.fr\/index.php\/wp-json\/wp\/v2\/pages\/425","targetHints":{"allow":["GET"]}}],"collection":[{"href":"https:\/\/theatre-des-loges.fr\/index.php\/wp-json\/wp\/v2\/pages"}],"about":[{"href":"https:\/\/theatre-des-loges.fr\/index.php\/wp-json\/wp\/v2\/types\/page"}],"author":[{"embeddable":true,"href":"https:\/\/theatre-des-loges.fr\/index.php\/wp-json\/wp\/v2\/users\/1"}],"replies":[{"embeddable":true,"href":"https:\/\/theatre-des-loges.fr\/index.php\/wp-json\/wp\/v2\/comments?post=425"}],"version-history":[{"count":32,"href":"https:\/\/theatre-des-loges.fr\/index.php\/wp-json\/wp\/v2\/pages\/425\/revisions"}],"predecessor-version":[{"id":697,"href":"https:\/\/theatre-des-loges.fr\/index.php\/wp-json\/wp\/v2\/pages\/425\/revisions\/697"}],"wp:attachment":[{"href":"https:\/\/theatre-des-loges.fr\/index.php\/wp-json\/wp\/v2\/media?parent=425"}],"curies":[{"name":"wp","href":"https:\/\/api.w.org\/{rel}","templated":true}]}}