{"id":23,"date":"2023-12-17T07:36:42","date_gmt":"2023-12-17T06:36:42","guid":{"rendered":"http:\/\/localhost:8080\/?page_id=23"},"modified":"2025-12-23T17:06:50","modified_gmt":"2025-12-23T15:06:50","slug":"visite-du-theatre","status":"publish","type":"page","link":"https:\/\/theatre-des-loges.fr\/index.php\/visite-du-theatre\/","title":{"rendered":"Visite du th\u00e9\u00e2tre"},"content":{"rendered":"\n<div class=\"wp-block-columns is-layout-flex wp-container-core-columns-is-layout-28f84493 wp-block-columns-is-layout-flex\">\n<div class=\"wp-block-column is-layout-flow wp-block-column-is-layout-flow\">\n<p class=\"has-drop-cap has-text-align-left has-custom-1-font-size\"><em>En 1997, la Troupe du Th\u00e9\u00e2tre des Loges existait depuis huit ans&nbsp;; dans sa&nbsp;charrette, elle comptait six spectacles et tout un&nbsp;barda&nbsp;de costumes, d\u2019accessoires, d\u2019\u00e9clairages&#8230; Sans oublier une magnifique sc\u00e8ne de bois. Un abri, qui lui serait aussi son lieu de r\u00e9p\u00e9tition, devenait donc indispensable. Le hasard l\u2019a conduite \u00e0 Pantin, rue du Pr\u00e9-Saint-Gervais. Elle y d\u00e9gotait un vieux lavoir industriel&nbsp;de la fin du XIX<sup>\u00e8me <\/sup>si\u00e8cle ; un \u00e9trange endroit, vaste, ouvert \u00e0 tous les vents, qui apparaissait d\u2019abord comme un garage abandonn\u00e9. Dans les ann\u00e9es soixante-dix, il avait \u00e9t\u00e9 une usine o\u00f9 l\u2019on fabriquait des pi\u00e8ces m\u00e9caniques. De vieilles machines rouill\u00e9es, du cambouis, des traces de peinture en t\u00e9moignaient&#8230;<\/em><\/p>\n\n\n\n<p class=\"has-text-align-left has-custom-1-font-size\"><em>Mais, \u00e0 ouvrir les yeux, s\u2019imposaient une solide charpente, deux verri\u00e8res au verre arm\u00e9, une cuve noire en fonte et son \u00e9norme robinet, des tommettes qui marquaient au sol l\u2019emplacement des \u00e9tals de bois sur lesquels autrefois les femmes frappaient le linge&#8230;<\/em><\/p>\n\n\n\n<p class=\"has-text-align-left has-custom-1-font-size\"><em>En d\u00e9pit de la v\u00e9tust\u00e9, de la salet\u00e9 m\u00eame des lieux, du travail qu\u2019il faudrait accomplir pour que la Troupe y vive, malgr\u00e9 une bourse vide et incertaine, nous avons lou\u00e9 le lavoir du quartier des Sept-Arpents&#8230; D\u00e9roulez ci-dessous les photos, et voyez ce qu\u2019au fil du temps, de l\u2019acharnement, des labeurs et des chances, par le seul fruit tr\u00e9buchant de nos spectacles, nous avons pu en faire.&nbsp;<\/em><\/p>\n\n\n\n<p class=\"has-text-align-center has-custom-1-font-size\"><em><strong>Bonne visite&nbsp;!<\/strong><\/em><\/p>\n<\/div>\n<\/div>\n\n\n\n<div style=\"height:44px\" aria-hidden=\"true\" class=\"wp-block-spacer\"><\/div>\n\n\n\n<figure class=\"wp-block-gallery alignwide has-nested-images columns-default is-cropped wp-block-gallery-1 is-layout-flex wp-block-gallery-is-layout-flex\">\n<figure class=\"wp-block-image size-full is-style-default\"><a href=\"https:\/\/theatre-des-loges.fr\/wp-content\/uploads\/2025\/09\/Lieu-1-Le-Theatre-des-Loges-sa-Scene-Pavee-2-9-scaled.jpg\"><img loading=\"lazy\" decoding=\"async\" width=\"2560\" height=\"1152\" data-id=\"193\" src=\"https:\/\/theatre-des-loges.fr\/wp-content\/uploads\/2025\/09\/Lieu-1-Le-Theatre-des-Loges-sa-Scene-Pavee-2-9-scaled.jpg\" alt=\"\" class=\"wp-image-193\" srcset=\"https:\/\/theatre-des-loges.fr\/wp-content\/uploads\/2025\/09\/Lieu-1-Le-Theatre-des-Loges-sa-Scene-Pavee-2-9-scaled.jpg 2560w, https:\/\/theatre-des-loges.fr\/wp-content\/uploads\/2025\/09\/Lieu-1-Le-Theatre-des-Loges-sa-Scene-Pavee-2-9-300x135.jpg 300w, https:\/\/theatre-des-loges.fr\/wp-content\/uploads\/2025\/09\/Lieu-1-Le-Theatre-des-Loges-sa-Scene-Pavee-2-9-1024x461.jpg 1024w, https:\/\/theatre-des-loges.fr\/wp-content\/uploads\/2025\/09\/Lieu-1-Le-Theatre-des-Loges-sa-Scene-Pavee-2-9-768x346.jpg 768w, https:\/\/theatre-des-loges.fr\/wp-content\/uploads\/2025\/09\/Lieu-1-Le-Theatre-des-Loges-sa-Scene-Pavee-2-9-1536x691.jpg 1536w, https:\/\/theatre-des-loges.fr\/wp-content\/uploads\/2025\/09\/Lieu-1-Le-Theatre-des-Loges-sa-Scene-Pavee-2-9-2048x922.jpg 2048w\" sizes=\"auto, (max-width: 2560px) 100vw, 2560px\" \/><\/a><\/figure>\n<figcaption class=\"blocks-gallery-caption wp-element-caption\"><mark style=\"background-color:rgba(0, 0, 0, 0);color:#ffffff\" class=\"has-inline-color\"><em>La \u00ab\u00a0Sc\u00e8ne Pav\u00e9e\u00a0\u00bb du th\u00e9\u00e2tre<\/em><\/mark><\/figcaption><\/figure>\n\n\n\n<figure class=\"wp-block-gallery alignwide has-nested-images columns-default is-cropped wp-block-gallery-2 is-layout-flex wp-block-gallery-is-layout-flex\">\n<figure class=\"wp-block-image size-full\"><a href=\"https:\/\/theatre-des-loges.fr\/wp-content\/uploads\/2025\/09\/Lieu-2-le-Theatre-des-Loges-Place-Vincent-8.jpg\"><img loading=\"lazy\" decoding=\"async\" width=\"413\" height=\"275\" data-id=\"184\" src=\"https:\/\/theatre-des-loges.fr\/wp-content\/uploads\/2025\/09\/Lieu-2-le-Theatre-des-Loges-Place-Vincent-8.jpg\" alt=\"\" class=\"wp-image-184\" style=\"aspect-ratio:16\/9\" srcset=\"https:\/\/theatre-des-loges.fr\/wp-content\/uploads\/2025\/09\/Lieu-2-le-Theatre-des-Loges-Place-Vincent-8.jpg 413w, https:\/\/theatre-des-loges.fr\/wp-content\/uploads\/2025\/09\/Lieu-2-le-Theatre-des-Loges-Place-Vincent-8-300x200.jpg 300w\" sizes=\"auto, (max-width: 413px) 100vw, 413px\" \/><\/a><\/figure>\n<figcaption class=\"blocks-gallery-caption wp-element-caption\"><mark style=\"background-color:rgba(0, 0, 0, 0);color:#ffffff\" class=\"has-inline-color\"><em>La place Vincent<\/em><\/mark><\/figcaption><\/figure>\n\n\n\n<figure class=\"wp-block-gallery alignwide has-nested-images columns-default is-cropped wp-block-gallery-3 is-layout-flex wp-block-gallery-is-layout-flex\">\n<figure class=\"wp-block-image size-full\"><a href=\"https:\/\/theatre-des-loges.fr\/wp-content\/uploads\/2025\/09\/Lieu-3-Les-gradins-9-scaled.jpg\"><img loading=\"lazy\" decoding=\"async\" width=\"2560\" height=\"1152\" data-id=\"197\" src=\"https:\/\/theatre-des-loges.fr\/wp-content\/uploads\/2025\/09\/Lieu-3-Les-gradins-9-scaled.jpg\" alt=\"\" class=\"wp-image-197\" srcset=\"https:\/\/theatre-des-loges.fr\/wp-content\/uploads\/2025\/09\/Lieu-3-Les-gradins-9-scaled.jpg 2560w, https:\/\/theatre-des-loges.fr\/wp-content\/uploads\/2025\/09\/Lieu-3-Les-gradins-9-300x135.jpg 300w, https:\/\/theatre-des-loges.fr\/wp-content\/uploads\/2025\/09\/Lieu-3-Les-gradins-9-1024x461.jpg 1024w, https:\/\/theatre-des-loges.fr\/wp-content\/uploads\/2025\/09\/Lieu-3-Les-gradins-9-768x346.jpg 768w, https:\/\/theatre-des-loges.fr\/wp-content\/uploads\/2025\/09\/Lieu-3-Les-gradins-9-1536x691.jpg 1536w, https:\/\/theatre-des-loges.fr\/wp-content\/uploads\/2025\/09\/Lieu-3-Les-gradins-9-2048x922.jpg 2048w\" sizes=\"auto, (max-width: 2560px) 100vw, 2560px\" \/><\/a><\/figure>\n<figcaption class=\"blocks-gallery-caption wp-element-caption\"><mark style=\"background-color:rgba(0, 0, 0, 0);color:#ffffff\" class=\"has-inline-color\"><em>Les gradins de bois<\/em><\/mark><\/figcaption><\/figure>\n\n\n\n<figure class=\"wp-block-gallery alignwide has-nested-images columns-default is-cropped wp-block-gallery-4 is-layout-flex wp-block-gallery-is-layout-flex\">\n<figure class=\"wp-block-image size-full\"><a href=\"https:\/\/theatre-des-loges.fr\/wp-content\/uploads\/2025\/09\/Lieu-4-Le-Theatre-des-Loges-decors-des-Precieuses-ridicules-4-scaled.jpg\"><img loading=\"lazy\" decoding=\"async\" width=\"2560\" height=\"1707\" data-id=\"140\" src=\"https:\/\/theatre-des-loges.fr\/wp-content\/uploads\/2025\/09\/Lieu-4-Le-Theatre-des-Loges-decors-des-Precieuses-ridicules-4-scaled.jpg\" alt=\"\" class=\"wp-image-140\" srcset=\"https:\/\/theatre-des-loges.fr\/wp-content\/uploads\/2025\/09\/Lieu-4-Le-Theatre-des-Loges-decors-des-Precieuses-ridicules-4-scaled.jpg 2560w, https:\/\/theatre-des-loges.fr\/wp-content\/uploads\/2025\/09\/Lieu-4-Le-Theatre-des-Loges-decors-des-Precieuses-ridicules-4-300x200.jpg 300w, https:\/\/theatre-des-loges.fr\/wp-content\/uploads\/2025\/09\/Lieu-4-Le-Theatre-des-Loges-decors-des-Precieuses-ridicules-4-1024x683.jpg 1024w, https:\/\/theatre-des-loges.fr\/wp-content\/uploads\/2025\/09\/Lieu-4-Le-Theatre-des-Loges-decors-des-Precieuses-ridicules-4-768x512.jpg 768w, https:\/\/theatre-des-loges.fr\/wp-content\/uploads\/2025\/09\/Lieu-4-Le-Theatre-des-Loges-decors-des-Precieuses-ridicules-4-1536x1024.jpg 1536w, https:\/\/theatre-des-loges.fr\/wp-content\/uploads\/2025\/09\/Lieu-4-Le-Theatre-des-Loges-decors-des-Precieuses-ridicules-4-2048x1365.jpg 2048w\" sizes=\"auto, (max-width: 2560px) 100vw, 2560px\" \/><\/a><\/figure>\n<figcaption class=\"blocks-gallery-caption wp-element-caption\"><mark style=\"background-color:rgba(0, 0, 0, 0);color:#ffffff\" class=\"has-inline-color\"><em>Les d\u00e9cors des Pr\u00e9cieuses ridicules<\/em><\/mark><\/figcaption><\/figure>\n\n\n\n<figure class=\"wp-block-gallery alignwide has-nested-images columns-default is-cropped wp-block-gallery-5 is-layout-flex wp-block-gallery-is-layout-flex\">\n<figure class=\"wp-block-image size-large\"><a href=\"https:\/\/theatre-des-loges.fr\/wp-content\/uploads\/2025\/11\/Le-coin-accueil-edited-1-scaled.jpg\"><img loading=\"lazy\" decoding=\"async\" width=\"2560\" height=\"1707\" data-id=\"358\" src=\"https:\/\/theatre-des-loges.fr\/wp-content\/uploads\/2025\/11\/Le-coin-accueil-edited-1-scaled.jpg\" alt=\"\" class=\"wp-image-358\" style=\"aspect-ratio:16\/9\" srcset=\"https:\/\/theatre-des-loges.fr\/wp-content\/uploads\/2025\/11\/Le-coin-accueil-edited-1-scaled.jpg 2560w, https:\/\/theatre-des-loges.fr\/wp-content\/uploads\/2025\/11\/Le-coin-accueil-edited-1-300x200.jpg 300w, https:\/\/theatre-des-loges.fr\/wp-content\/uploads\/2025\/11\/Le-coin-accueil-edited-1-1024x683.jpg 1024w, https:\/\/theatre-des-loges.fr\/wp-content\/uploads\/2025\/11\/Le-coin-accueil-edited-1-768x512.jpg 768w, https:\/\/theatre-des-loges.fr\/wp-content\/uploads\/2025\/11\/Le-coin-accueil-edited-1-1536x1024.jpg 1536w, https:\/\/theatre-des-loges.fr\/wp-content\/uploads\/2025\/11\/Le-coin-accueil-edited-1-2048x1365.jpg 2048w\" sizes=\"auto, (max-width: 2560px) 100vw, 2560px\" \/><\/a><\/figure>\n<figcaption class=\"blocks-gallery-caption wp-element-caption\"><mark style=\"background-color:rgba(0, 0, 0, 0);color:#ffffff\" class=\"has-inline-color\"><em>L&rsquo;accueil du th\u00e9\u00e2tre<\/em><\/mark><\/figcaption><\/figure>\n\n\n\n<figure class=\"wp-block-gallery alignwide has-nested-images columns-default is-cropped wp-block-gallery-6 is-layout-flex wp-block-gallery-is-layout-flex\">\n<figure class=\"wp-block-image size-full\"><a href=\"https:\/\/theatre-des-loges.fr\/wp-content\/uploads\/2025\/09\/Lieu-5-mur-cour-decrepi-6-scaled.jpg\"><img loading=\"lazy\" decoding=\"async\" width=\"2560\" height=\"1152\" data-id=\"176\" src=\"https:\/\/theatre-des-loges.fr\/wp-content\/uploads\/2025\/09\/Lieu-5-mur-cour-decrepi-6-scaled.jpg\" alt=\"\" class=\"wp-image-176\" srcset=\"https:\/\/theatre-des-loges.fr\/wp-content\/uploads\/2025\/09\/Lieu-5-mur-cour-decrepi-6-scaled.jpg 2560w, https:\/\/theatre-des-loges.fr\/wp-content\/uploads\/2025\/09\/Lieu-5-mur-cour-decrepi-6-300x135.jpg 300w, https:\/\/theatre-des-loges.fr\/wp-content\/uploads\/2025\/09\/Lieu-5-mur-cour-decrepi-6-1024x461.jpg 1024w, https:\/\/theatre-des-loges.fr\/wp-content\/uploads\/2025\/09\/Lieu-5-mur-cour-decrepi-6-768x346.jpg 768w, https:\/\/theatre-des-loges.fr\/wp-content\/uploads\/2025\/09\/Lieu-5-mur-cour-decrepi-6-1536x691.jpg 1536w, https:\/\/theatre-des-loges.fr\/wp-content\/uploads\/2025\/09\/Lieu-5-mur-cour-decrepi-6-2048x922.jpg 2048w\" sizes=\"auto, (max-width: 2560px) 100vw, 2560px\" \/><\/a><\/figure>\n<figcaption class=\"blocks-gallery-caption wp-element-caption\"><mark style=\"background-color:rgba(0, 0, 0, 0);color:#ffffff\" class=\"has-inline-color\"><em>La galerie cot\u00e9 cour<\/em><\/mark><\/figcaption><\/figure>\n\n\n\n<figure class=\"wp-block-gallery alignwide has-nested-images columns-default is-cropped wp-block-gallery-7 is-layout-flex wp-block-gallery-is-layout-flex\">\n<figure class=\"wp-block-image size-full\"><a href=\"https:\/\/theatre-des-loges.fr\/wp-content\/uploads\/2025\/09\/Lieu-6-Le-foyer-6-scaled.jpg\"><img loading=\"lazy\" decoding=\"async\" width=\"2560\" height=\"1152\" data-id=\"190\" src=\"https:\/\/theatre-des-loges.fr\/wp-content\/uploads\/2025\/09\/Lieu-6-Le-foyer-6-scaled.jpg\" alt=\"\" class=\"wp-image-190\" srcset=\"https:\/\/theatre-des-loges.fr\/wp-content\/uploads\/2025\/09\/Lieu-6-Le-foyer-6-scaled.jpg 2560w, https:\/\/theatre-des-loges.fr\/wp-content\/uploads\/2025\/09\/Lieu-6-Le-foyer-6-300x135.jpg 300w, https:\/\/theatre-des-loges.fr\/wp-content\/uploads\/2025\/09\/Lieu-6-Le-foyer-6-1024x461.jpg 1024w, https:\/\/theatre-des-loges.fr\/wp-content\/uploads\/2025\/09\/Lieu-6-Le-foyer-6-768x346.jpg 768w, https:\/\/theatre-des-loges.fr\/wp-content\/uploads\/2025\/09\/Lieu-6-Le-foyer-6-1536x691.jpg 1536w, https:\/\/theatre-des-loges.fr\/wp-content\/uploads\/2025\/09\/Lieu-6-Le-foyer-6-2048x922.jpg 2048w\" sizes=\"auto, (max-width: 2560px) 100vw, 2560px\" \/><\/a><\/figure>\n<figcaption class=\"blocks-gallery-caption wp-element-caption\"><mark style=\"background-color:rgba(0, 0, 0, 0);color:#ffffff\" class=\"has-inline-color\"><em>Le foyer<\/em><\/mark><\/figcaption><\/figure>\n\n\n\n<figure class=\"wp-block-gallery alignwide has-nested-images columns-default is-cropped wp-block-gallery-8 is-layout-flex wp-block-gallery-is-layout-flex\">\n<figure class=\"wp-block-image size-full\"><a href=\"https:\/\/theatre-des-loges.fr\/wp-content\/uploads\/2025\/09\/Lieu-7-les-loges-2-8-scaled.jpg\"><img loading=\"lazy\" decoding=\"async\" width=\"2560\" height=\"1152\" data-id=\"202\" src=\"https:\/\/theatre-des-loges.fr\/wp-content\/uploads\/2025\/09\/Lieu-7-les-loges-2-8-scaled.jpg\" alt=\"\" class=\"wp-image-202\" srcset=\"https:\/\/theatre-des-loges.fr\/wp-content\/uploads\/2025\/09\/Lieu-7-les-loges-2-8-scaled.jpg 2560w, https:\/\/theatre-des-loges.fr\/wp-content\/uploads\/2025\/09\/Lieu-7-les-loges-2-8-300x135.jpg 300w, https:\/\/theatre-des-loges.fr\/wp-content\/uploads\/2025\/09\/Lieu-7-les-loges-2-8-1024x461.jpg 1024w, https:\/\/theatre-des-loges.fr\/wp-content\/uploads\/2025\/09\/Lieu-7-les-loges-2-8-768x346.jpg 768w, https:\/\/theatre-des-loges.fr\/wp-content\/uploads\/2025\/09\/Lieu-7-les-loges-2-8-1536x691.jpg 1536w, https:\/\/theatre-des-loges.fr\/wp-content\/uploads\/2025\/09\/Lieu-7-les-loges-2-8-2048x922.jpg 2048w\" sizes=\"auto, (max-width: 2560px) 100vw, 2560px\" \/><\/a><\/figure>\n<figcaption class=\"blocks-gallery-caption wp-element-caption\"><mark style=\"background-color:rgba(0, 0, 0, 0);color:#ffffff\" class=\"has-inline-color\"><em>Les loges<\/em><\/mark><\/figcaption><\/figure>\n\n\n\n<figure class=\"wp-block-gallery alignwide has-nested-images columns-default is-cropped wp-block-gallery-9 is-layout-flex wp-block-gallery-is-layout-flex\">\n<figure class=\"wp-block-image size-full\"><a href=\"https:\/\/theatre-des-loges.fr\/wp-content\/uploads\/2025\/12\/Photo-la-loge-du-grenier-scaled.jpeg\"><img loading=\"lazy\" decoding=\"async\" width=\"2560\" height=\"2021\" data-id=\"423\" src=\"https:\/\/theatre-des-loges.fr\/wp-content\/uploads\/2025\/12\/Photo-la-loge-du-grenier-scaled.jpeg\" alt=\"\" class=\"wp-image-423\" style=\"aspect-ratio:16\/9\" srcset=\"https:\/\/theatre-des-loges.fr\/wp-content\/uploads\/2025\/12\/Photo-la-loge-du-grenier-scaled.jpeg 2560w, https:\/\/theatre-des-loges.fr\/wp-content\/uploads\/2025\/12\/Photo-la-loge-du-grenier-300x237.jpeg 300w, https:\/\/theatre-des-loges.fr\/wp-content\/uploads\/2025\/12\/Photo-la-loge-du-grenier-1024x808.jpeg 1024w, https:\/\/theatre-des-loges.fr\/wp-content\/uploads\/2025\/12\/Photo-la-loge-du-grenier-768x606.jpeg 768w, https:\/\/theatre-des-loges.fr\/wp-content\/uploads\/2025\/12\/Photo-la-loge-du-grenier-1536x1212.jpeg 1536w, https:\/\/theatre-des-loges.fr\/wp-content\/uploads\/2025\/12\/Photo-la-loge-du-grenier-2048x1616.jpeg 2048w\" sizes=\"auto, (max-width: 2560px) 100vw, 2560px\" \/><\/a><\/figure>\n<figcaption class=\"blocks-gallery-caption wp-element-caption\"><mark style=\"background-color:rgba(0, 0, 0, 0);color:#ffffff\" class=\"has-inline-color\"><em>La petite loge du grenier<\/em><\/mark><\/figcaption><\/figure>\n\n\n\n<figure class=\"wp-block-gallery alignwide has-nested-images columns-default is-cropped wp-block-gallery-10 is-layout-flex wp-block-gallery-is-layout-flex\">\n<figure class=\"wp-block-image size-full\"><a href=\"https:\/\/theatre-des-loges.fr\/wp-content\/uploads\/2025\/11\/Le-Theatre-des-Loges-la-cour-dentree.jpg\"><img loading=\"lazy\" decoding=\"async\" width=\"1024\" height=\"768\" data-id=\"329\" src=\"https:\/\/theatre-des-loges.fr\/wp-content\/uploads\/2025\/11\/Le-Theatre-des-Loges-la-cour-dentree.jpg\" alt=\"\" class=\"wp-image-329\" style=\"aspect-ratio:16\/9\" srcset=\"https:\/\/theatre-des-loges.fr\/wp-content\/uploads\/2025\/11\/Le-Theatre-des-Loges-la-cour-dentree.jpg 1024w, https:\/\/theatre-des-loges.fr\/wp-content\/uploads\/2025\/11\/Le-Theatre-des-Loges-la-cour-dentree-300x225.jpg 300w, https:\/\/theatre-des-loges.fr\/wp-content\/uploads\/2025\/11\/Le-Theatre-des-Loges-la-cour-dentree-768x576.jpg 768w\" sizes=\"auto, (max-width: 1024px) 100vw, 1024px\" \/><\/a><\/figure>\n<figcaption class=\"blocks-gallery-caption wp-element-caption\"><mark style=\"background-color:rgba(0, 0, 0, 0);color:#ffffff\" class=\"has-inline-color\"><em>La cour d&rsquo;entr\u00e9e<\/em><\/mark><\/figcaption><\/figure>\n\n\n\n<div style=\"height:100px\" aria-hidden=\"true\" class=\"wp-block-spacer\"><\/div>\n","protected":false},"excerpt":{"rendered":"<p>En 1997, la Troupe du Th\u00e9\u00e2tre des Loges existait depuis huit ans&nbsp;; dans sa&nbsp;charrette, elle comptait six spectacles et tout un&nbsp;barda&nbsp;de costumes, d\u2019accessoires, d\u2019\u00e9clairages&#8230; Sans oublier une magnifique sc\u00e8ne de bois. Un abri, qui lui serait aussi son lieu de r\u00e9p\u00e9tition, devenait donc indispensable. Le hasard l\u2019a conduite \u00e0 Pantin, rue du Pr\u00e9-Saint-Gervais. Elle y [&hellip;]<\/p>\n","protected":false},"author":1,"featured_media":0,"parent":0,"menu_order":0,"comment_status":"closed","ping_status":"closed","template":"","meta":{"footnotes":""},"class_list":["post-23","page","type-page","status-publish","hentry"],"_links":{"self":[{"href":"https:\/\/theatre-des-loges.fr\/index.php\/wp-json\/wp\/v2\/pages\/23","targetHints":{"allow":["GET"]}}],"collection":[{"href":"https:\/\/theatre-des-loges.fr\/index.php\/wp-json\/wp\/v2\/pages"}],"about":[{"href":"https:\/\/theatre-des-loges.fr\/index.php\/wp-json\/wp\/v2\/types\/page"}],"author":[{"embeddable":true,"href":"https:\/\/theatre-des-loges.fr\/index.php\/wp-json\/wp\/v2\/users\/1"}],"replies":[{"embeddable":true,"href":"https:\/\/theatre-des-loges.fr\/index.php\/wp-json\/wp\/v2\/comments?post=23"}],"version-history":[{"count":28,"href":"https:\/\/theatre-des-loges.fr\/index.php\/wp-json\/wp\/v2\/pages\/23\/revisions"}],"predecessor-version":[{"id":579,"href":"https:\/\/theatre-des-loges.fr\/index.php\/wp-json\/wp\/v2\/pages\/23\/revisions\/579"}],"wp:attachment":[{"href":"https:\/\/theatre-des-loges.fr\/index.php\/wp-json\/wp\/v2\/media?parent=23"}],"curies":[{"name":"wp","href":"https:\/\/api.w.org\/{rel}","templated":true}]}}